{"id":3331,"date":"2025-12-15T13:18:54","date_gmt":"2025-12-15T12:18:54","guid":{"rendered":"https:\/\/campervanservice.fr\/?page_id=3331"},"modified":"2025-12-15T16:38:28","modified_gmt":"2025-12-15T15:38:28","slug":"ultimatron","status":"publish","type":"page","link":"https:\/\/campervanservice.fr\/en\/partenaires\/ultimatron\/","title":{"rendered":"Ultimatron"},"content":{"rendered":"\t\t<div data-elementor-type=\"wp-page\" data-elementor-id=\"3331\" class=\"elementor elementor-3331\" data-elementor-post-type=\"page\">\n\t\t\t\t<div class=\"elementor-element elementor-element-fddbd8f e-flex e-con-boxed e-con e-parent\" data-id=\"fddbd8f\" data-element_type=\"container\" data-e-type=\"container\" data-settings=\"{&quot;background_background&quot;:&quot;classic&quot;}\">\n\t\t\t\t\t<div class=\"e-con-inner\">\n\t\t<div class=\"elementor-element elementor-element-d148e52 e-con-full e-flex e-con e-child\" data-id=\"d148e52\" data-element_type=\"container\" data-e-type=\"container\">\n\t\t<div class=\"elementor-element elementor-element-89ffdb4 e-con-full e-flex e-con e-child\" data-id=\"89ffdb4\" data-element_type=\"container\" data-e-type=\"container\" data-settings=\"{&quot;background_background&quot;:&quot;classic&quot;}\">\n\t\t\t\t<div class=\"elementor-element elementor-element-38e5e8c elementor-widget elementor-widget-heading\" data-id=\"38e5e8c\" data-element_type=\"widget\" data-e-type=\"widget\" data-widget_type=\"heading.default\">\n\t\t\t\t<div class=\"elementor-widget-container\">\n\t\t\t\t\t<h1 class=\"elementor-heading-title elementor-size-default\"><a href=\"https:\/\/assurances-marie.fr\/\" target=\"_blank\" rel=\"noopener\">Notre partenaire \u00e9nergie : Ultimatron France<\/a><\/h1>\t\t\t\t<\/div>\n\t\t\t\t<\/div>\n\t\t\t\t<div class=\"elementor-element elementor-element-8d6cde7 elementor-widget elementor-widget-heading\" data-id=\"8d6cde7\" data-element_type=\"widget\" data-e-type=\"widget\" data-widget_type=\"heading.default\">\n\t\t\t\t<div class=\"elementor-widget-container\">\n\t\t\t\t\t<h2 class=\"elementor-heading-title elementor-size-default\">Batteries Lithium LiFePO4 (Smart BMS + Bluetooth) &amp; r\u00e9gulation solaire MPPT<\/h2>\t\t\t\t<\/div>\n\t\t\t\t<\/div>\n\t\t\t\t<\/div>\n\t\t<div class=\"elementor-element elementor-element-5bb06fd e-con-full e-flex e-con e-child\" data-id=\"5bb06fd\" data-element_type=\"container\" data-e-type=\"container\" data-settings=\"{&quot;background_background&quot;:&quot;classic&quot;}\">\n\t\t\t\t<div class=\"elementor-element elementor-element-bff2d6d elementor-widget elementor-widget-image\" data-id=\"bff2d6d\" data-element_type=\"widget\" data-e-type=\"widget\" data-widget_type=\"image.default\">\n\t\t\t\t<div class=\"elementor-widget-container\">\n\t\t\t\t\t\t\t\t\t\t\t\t\t\t\t<img fetchpriority=\"high\" decoding=\"async\" width=\"800\" height=\"210\" src=\"https:\/\/campervanservice.fr\/wp-content\/uploads\/2025\/12\/341.png\" class=\"attachment-large size-large wp-image-3337\" alt=\"\" srcset=\"https:\/\/campervanservice.fr\/wp-content\/uploads\/2025\/12\/341.png 883w, https:\/\/campervanservice.fr\/wp-content\/uploads\/2025\/12\/341-300x79.png 300w, https:\/\/campervanservice.fr\/wp-content\/uploads\/2025\/12\/341-768x202.png 768w, https:\/\/campervanservice.fr\/wp-content\/uploads\/2025\/12\/341-18x5.png 18w\" sizes=\"(max-width: 800px) 100vw, 800px\" \/>\t\t\t\t\t\t\t\t\t\t\t\t\t\t\t<\/div>\n\t\t\t\t<\/div>\n\t\t\t\t<\/div>\n\t\t\t\t<\/div>\n\t\t\t\t\t<\/div>\n\t\t\t\t<\/div>\n\t\t<div class=\"elementor-element elementor-element-0493bac e-flex e-con-boxed e-con e-parent\" data-id=\"0493bac\" data-element_type=\"container\" data-e-type=\"container\">\n\t\t\t\t\t<div class=\"e-con-inner\">\n\t\t\t\t<div class=\"elementor-element elementor-element-86c9b6b elementor-widget elementor-widget-heading\" data-id=\"86c9b6b\" data-element_type=\"widget\" data-e-type=\"widget\" data-widget_type=\"heading.default\">\n\t\t\t\t<div class=\"elementor-widget-container\">\n\t\t\t\t\t<h2 class=\"elementor-heading-title elementor-size-default\">Qui est Ultimatron France ? <\/h2>\t\t\t\t<\/div>\n\t\t\t\t<\/div>\n\t\t\t\t<div class=\"elementor-element elementor-element-7b8c19f elementor-widget elementor-widget-text-editor\" data-id=\"7b8c19f\" data-element_type=\"widget\" data-e-type=\"widget\" data-widget_type=\"text-editor.default\">\n\t\t\t\t<div class=\"elementor-widget-container\">\n\t\t\t\t\t\t\t\t\t<p>Dans une installation \u00e9lectrique de camping-car, fourgon ou van am\u00e9nag\u00e9, la fiabilit\u00e9 ne d\u00e9pend pas uniquement de la capacit\u00e9 de batterie. Elle d\u00e9pend de la coh\u00e9rence du syst\u00e8me complet : stockage, recharge en roulant, recharge 230V, solaire, protections, sections de c\u00e2bles, connectiques et mise en service.<br \/>C\u2019est exactement pour \u00e7a que nous travaillons avec Ultimatron France, sp\u00e9cialiste des solutions d\u2019\u00e9nergie embarqu\u00e9e : batteries lithium LiFePO4 avec Smart BMS \/ Bluetooth, batteries AGM\/GEL\/carbone, r\u00e9gulateurs de charge MPPT, et \u00e9quipements associ\u00e9s.<\/p><p>Site officiel : <a href=\"https:\/\/ultimatron-france.fr\/\" target=\"_blank\" rel=\"noopener\">https:\/\/ultimatron-france.fr\/<\/a><\/p><p>Ressources techniques \/ manuels : <a href=\"https:\/\/ultimatron-france.fr\/telechargements\" target=\"_blank\" rel=\"noopener\">https:\/\/ultimatron-france.fr\/telechargements<\/a>\/<\/p>\t\t\t\t\t\t\t\t<\/div>\n\t\t\t\t<\/div>\n\t\t\t\t\t<\/div>\n\t\t\t\t<\/div>\n\t\t<div class=\"elementor-element elementor-element-f539ec2 e-flex e-con-boxed e-con e-parent\" data-id=\"f539ec2\" data-element_type=\"container\" data-e-type=\"container\">\n\t\t\t\t\t<div class=\"e-con-inner\">\n\t\t<div class=\"elementor-element elementor-element-7f02602 e-con-full e-flex e-con e-child\" data-id=\"7f02602\" data-element_type=\"container\" data-e-type=\"container\">\n\t\t\t\t<div class=\"elementor-element elementor-element-23f7795 elementor-widget elementor-widget-heading\" data-id=\"23f7795\" data-element_type=\"widget\" data-e-type=\"widget\" data-widget_type=\"heading.default\">\n\t\t\t\t<div class=\"elementor-widget-container\">\n\t\t\t\t\t<h2 class=\"elementor-heading-title elementor-size-default\">Smart BMS, Bluetooth et monitoring<\/h2>\t\t\t\t<\/div>\n\t\t\t\t<\/div>\n\t\t\t\t<div class=\"elementor-element elementor-element-e74b177 elementor-widget elementor-widget-text-editor\" data-id=\"e74b177\" data-element_type=\"widget\" data-e-type=\"widget\" data-widget_type=\"text-editor.default\">\n\t\t\t\t<div class=\"elementor-widget-container\">\n\t\t\t\t\t\t\t\t\t<p>Sur les gammes Ultimatron, la pr\u00e9sence d\u2019un BMS intelligent et du Bluetooth permet un suivi pr\u00e9cis : tension, courant, \u00e9tat de charge, alarmes, protections, etc.<br \/>Nous aimons cette approche parce qu\u2019elle permet :<\/p><ul><li>de valider la charge r\u00e9elle (et pas seulement \u201c\u00e7a indique 13,6V donc \u00e7a doit charger\u201d)<\/li><li>de diagnostiquer plus rapidement les soucis de cha\u00eene de charge (alternateur \/ DC-DC \/ chargeur 230V \/ solaire)<\/li><li>de v\u00e9rifier l\u2019\u00e9quilibre et la stabilit\u00e9 du pack apr\u00e8s installation ou apr\u00e8s une p\u00e9riode d\u2019immobilisation<\/li><\/ul>\t\t\t\t\t\t\t\t<\/div>\n\t\t\t\t<\/div>\n\t\t\t\t<div class=\"elementor-element elementor-element-7fcdf95 elementor-widget elementor-widget-heading\" data-id=\"7fcdf95\" data-element_type=\"widget\" data-e-type=\"widget\" data-widget_type=\"heading.default\">\n\t\t\t\t<div class=\"elementor-widget-container\">\n\t\t\t\t\t<h2 class=\"elementor-heading-title elementor-size-default\">Formats et int\u00e9gration en v\u00e9hicule (dont sous-si\u00e8ge)<\/h2>\t\t\t\t<\/div>\n\t\t\t\t<\/div>\n\t\t\t\t<div class=\"elementor-element elementor-element-43b791e elementor-widget elementor-widget-text-editor\" data-id=\"43b791e\" data-element_type=\"widget\" data-e-type=\"widget\" data-widget_type=\"text-editor.default\">\n\t\t\t\t<div class=\"elementor-widget-container\">\n\t\t\t\t\t\t\t\t\tSelon l\u2019am\u00e9nagement, la place disponible et la ventilation, une batterie au bon format (notamment sous-si\u00e8ge) permet d\u2019optimiser l\u2019installation sans compromis dangereux.\nSur certains usages (hiver, montagne, stationnement prolong\u00e9), une version avec chauffage int\u00e9gr\u00e9 peut aussi \u00eatre pertinente pour maintenir la charge dans des temp\u00e9ratures basses, selon la configuration retenue.\t\t\t\t\t\t\t\t<\/div>\n\t\t\t\t<\/div>\n\t\t\t\t<\/div>\n\t\t<div class=\"elementor-element elementor-element-e37cae4 e-con-full e-flex e-con e-child\" data-id=\"e37cae4\" data-element_type=\"container\" data-e-type=\"container\">\n\t\t\t\t<div class=\"elementor-element elementor-element-2fdbea5 elementor-widget elementor-widget-image\" data-id=\"2fdbea5\" data-element_type=\"widget\" data-e-type=\"widget\" data-widget_type=\"image.default\">\n\t\t\t\t<div class=\"elementor-widget-container\">\n\t\t\t\t\t\t\t\t\t\t\t\t\t\t\t<img decoding=\"async\" width=\"800\" height=\"800\" src=\"https:\/\/campervanservice.fr\/wp-content\/uploads\/2025\/12\/unnamed-10.jpg\" class=\"attachment-large size-large wp-image-3343\" alt=\"\" srcset=\"https:\/\/campervanservice.fr\/wp-content\/uploads\/2025\/12\/unnamed-10.jpg 1024w, https:\/\/campervanservice.fr\/wp-content\/uploads\/2025\/12\/unnamed-10-300x300.jpg 300w, https:\/\/campervanservice.fr\/wp-content\/uploads\/2025\/12\/unnamed-10-150x150.jpg 150w, https:\/\/campervanservice.fr\/wp-content\/uploads\/2025\/12\/unnamed-10-768x768.jpg 768w, https:\/\/campervanservice.fr\/wp-content\/uploads\/2025\/12\/unnamed-10-12x12.jpg 12w\" sizes=\"(max-width: 800px) 100vw, 800px\" \/>\t\t\t\t\t\t\t\t\t\t\t\t\t\t\t<\/div>\n\t\t\t\t<\/div>\n\t\t\t\t<\/div>\n\t\t\t\t\t<\/div>\n\t\t\t\t<\/div>\n\t\t<div class=\"elementor-element elementor-element-c4f9fe0 e-flex e-con-boxed e-con e-parent\" data-id=\"c4f9fe0\" data-element_type=\"container\" data-e-type=\"container\">\n\t\t\t\t\t<div class=\"e-con-inner\">\n\t\t<div class=\"elementor-element elementor-element-e926b78 e-con-full e-flex e-con e-child\" data-id=\"e926b78\" data-element_type=\"container\" data-e-type=\"container\">\n\t\t<div class=\"elementor-element elementor-element-df9d37e e-con-full e-flex e-con e-child\" data-id=\"df9d37e\" data-element_type=\"container\" data-e-type=\"container\" data-settings=\"{&quot;sticky&quot;:&quot;top&quot;,&quot;sticky_offset&quot;:100,&quot;sticky_parent&quot;:&quot;yes&quot;,&quot;sticky_on&quot;:[&quot;desktop&quot;,&quot;tablet&quot;,&quot;mobile&quot;],&quot;sticky_effects_offset&quot;:0,&quot;sticky_anchor_link_offset&quot;:0}\">\n\t\t\t\t<div class=\"elementor-element elementor-element-f29c378 elementor-widget elementor-widget-image\" data-id=\"f29c378\" data-element_type=\"widget\" data-e-type=\"widget\" data-widget_type=\"image.default\">\n\t\t\t\t<div class=\"elementor-widget-container\">\n\t\t\t\t\t\t\t\t\t\t\t\t\t\t\t<img decoding=\"async\" width=\"800\" height=\"533\" src=\"https:\/\/campervanservice.fr\/wp-content\/uploads\/2025\/06\/WhatsApp-Image-2025-06-02-at-10.36.23-8-1024x682.jpeg\" class=\"attachment-large size-large wp-image-2342\" alt=\"\" srcset=\"https:\/\/campervanservice.fr\/wp-content\/uploads\/2025\/06\/WhatsApp-Image-2025-06-02-at-10.36.23-8-1024x682.jpeg 1024w, https:\/\/campervanservice.fr\/wp-content\/uploads\/2025\/06\/WhatsApp-Image-2025-06-02-at-10.36.23-8-300x200.jpeg 300w, https:\/\/campervanservice.fr\/wp-content\/uploads\/2025\/06\/WhatsApp-Image-2025-06-02-at-10.36.23-8-768x512.jpeg 768w, https:\/\/campervanservice.fr\/wp-content\/uploads\/2025\/06\/WhatsApp-Image-2025-06-02-at-10.36.23-8-1536x1023.jpeg 1536w, https:\/\/campervanservice.fr\/wp-content\/uploads\/2025\/06\/WhatsApp-Image-2025-06-02-at-10.36.23-8.jpeg 1600w\" sizes=\"(max-width: 800px) 100vw, 800px\" \/>\t\t\t\t\t\t\t\t\t\t\t\t\t\t\t<\/div>\n\t\t\t\t<\/div>\n\t\t\t\t<\/div>\n\t\t\t\t<\/div>\n\t\t<div class=\"elementor-element elementor-element-3fa1e02 e-con-full e-flex e-con e-child\" data-id=\"3fa1e02\" data-element_type=\"container\" data-e-type=\"container\">\n\t\t\t\t<div class=\"elementor-element elementor-element-bf132e1 elementor-widget elementor-widget-heading\" data-id=\"bf132e1\" data-element_type=\"widget\" data-e-type=\"widget\" data-widget_type=\"heading.default\">\n\t\t\t\t<div class=\"elementor-widget-container\">\n\t\t\t\t\t<h2 class=\"elementor-heading-title elementor-size-default\">Garantie, qualit\u00e9, et coh\u00e9rence de gamme<\/h2>\t\t\t\t<\/div>\n\t\t\t\t<\/div>\n\t\t\t\t<div class=\"elementor-element elementor-element-c64d570 elementor-widget elementor-widget-text-editor\" data-id=\"c64d570\" data-element_type=\"widget\" data-e-type=\"widget\" data-widget_type=\"text-editor.default\">\n\t\t\t\t<div class=\"elementor-widget-container\">\n\t\t\t\t\t\t\t\t\t<p>Nous privil\u00e9gions les composants document\u00e9s, avec un positionnement s\u00e9rieux (garantie, fiches techniques, manuels). L\u2019int\u00e9r\u00eat ici n\u2019est pas la \u201cmarque\u201d en soi : c\u2019est la capacit\u00e9 \u00e0 construire un syst\u00e8me <strong data-start=\"3177\" data-end=\"3187\">fiable<\/strong>, <strong data-start=\"3189\" data-end=\"3202\">r\u00e9parable<\/strong>, et <strong data-start=\"3207\" data-end=\"3225\">compr\u00e9hensible<\/strong> pour le client, avec des pi\u00e8ces compatibles entre elles.<\/p>\t\t\t\t\t\t\t\t<\/div>\n\t\t\t\t<\/div>\n\t\t\t\t<\/div>\n\t\t\t\t\t<\/div>\n\t\t\t\t<\/div>\n\t\t<div class=\"elementor-element elementor-element-39357d2 e-flex e-con-boxed e-con e-parent\" data-id=\"39357d2\" data-element_type=\"container\" data-e-type=\"container\" data-settings=\"{&quot;background_background&quot;:&quot;classic&quot;}\">\n\t\t\t\t\t<div class=\"e-con-inner\">\n\t\t\t\t<div class=\"elementor-element elementor-element-6d071b6 elementor-widget elementor-widget-spacer\" data-id=\"6d071b6\" data-element_type=\"widget\" data-e-type=\"widget\" data-widget_type=\"spacer.default\">\n\t\t\t\t<div class=\"elementor-widget-container\">\n\t\t\t\t\t\t\t<div class=\"elementor-spacer\">\n\t\t\t<div class=\"elementor-spacer-inner\"><\/div>\n\t\t<\/div>\n\t\t\t\t\t\t<\/div>\n\t\t\t\t<\/div>\n\t\t\t\t\t<\/div>\n\t\t\t\t<\/div>\n\t\t<div class=\"elementor-element elementor-element-2ca76be e-flex e-con-boxed e-con e-parent\" data-id=\"2ca76be\" data-element_type=\"container\" data-e-type=\"container\">\n\t\t\t\t\t<div class=\"e-con-inner\">\n\t\t<div class=\"elementor-element elementor-element-3fe4c74 e-con-full e-flex e-con e-child\" data-id=\"3fe4c74\" data-element_type=\"container\" data-e-type=\"container\">\n\t\t\t\t<div class=\"elementor-element elementor-element-f68943c elementor-widget elementor-widget-heading\" data-id=\"f68943c\" data-element_type=\"widget\" data-e-type=\"widget\" data-widget_type=\"heading.default\">\n\t\t\t\t<div class=\"elementor-widget-container\">\n\t\t\t\t\t<h2 class=\"elementor-heading-title elementor-size-default\">Pourquoi nous travaillons avec Ultimatron<\/h2>\t\t\t\t<\/div>\n\t\t\t\t<\/div>\n\t\t\t\t<div class=\"elementor-element elementor-element-eafbe04 elementor-widget elementor-widget-text-editor\" data-id=\"eafbe04\" data-element_type=\"widget\" data-e-type=\"widget\" data-widget_type=\"text-editor.default\">\n\t\t\t\t<div class=\"elementor-widget-container\">\n\t\t\t\t\t\t\t\t\t<p>Nous choisissons nos partenaires sur des crit\u00e8res concrets :<\/p><ul><li>Documentation technique disponible (fiches, manuels, ressources)<\/li><li>Produits adapt\u00e9s au mobile (contraintes r\u00e9elles du v\u00e9hicule)<\/li><li>Coh\u00e9rence de gamme pour construire une architecture propre : stockage + recharge + protections<\/li><li>Monitoring utile pour l\u2019usage et pour le diagnostic<\/li><li>Fiabilit\u00e9 globale : notre but est que votre autonomie fonctionne longtemps, pas \u201cle jour de la pose\u201d<\/li><\/ul>\t\t\t\t\t\t\t\t<\/div>\n\t\t\t\t<\/div>\n\t\t\t\t<\/div>\n\t\t<div class=\"elementor-element elementor-element-4690b87 e-con-full e-flex e-con e-child\" data-id=\"4690b87\" data-element_type=\"container\" data-e-type=\"container\">\n\t\t\t\t<div class=\"elementor-element elementor-element-7f8f0a6 elementor-widget elementor-widget-image\" data-id=\"7f8f0a6\" data-element_type=\"widget\" data-e-type=\"widget\" data-widget_type=\"image.default\">\n\t\t\t\t<div class=\"elementor-widget-container\">\n\t\t\t\t\t\t\t\t\t\t\t\t\t\t\t<img loading=\"lazy\" decoding=\"async\" width=\"600\" height=\"442\" src=\"https:\/\/campervanservice.fr\/wp-content\/uploads\/2025\/12\/Capture-decran-2022-02-23-a-09.21.53.png\" class=\"attachment-large size-large wp-image-3361\" alt=\"\" srcset=\"https:\/\/campervanservice.fr\/wp-content\/uploads\/2025\/12\/Capture-decran-2022-02-23-a-09.21.53.png 600w, https:\/\/campervanservice.fr\/wp-content\/uploads\/2025\/12\/Capture-decran-2022-02-23-a-09.21.53-300x221.png 300w, https:\/\/campervanservice.fr\/wp-content\/uploads\/2025\/12\/Capture-decran-2022-02-23-a-09.21.53-16x12.png 16w\" sizes=\"(max-width: 600px) 100vw, 600px\" \/>\t\t\t\t\t\t\t\t\t\t\t\t\t\t\t<\/div>\n\t\t\t\t<\/div>\n\t\t\t\t<\/div>\n\t\t\t\t\t<\/div>\n\t\t\t\t<\/div>\n\t\t<div class=\"elementor-element elementor-element-0a254af e-flex e-con-boxed e-con e-parent\" data-id=\"0a254af\" data-element_type=\"container\" data-e-type=\"container\">\n\t\t\t\t\t<div class=\"e-con-inner\">\n\t\t\t\t<div class=\"elementor-element elementor-element-94ecc50 elementor-widget elementor-widget-heading\" data-id=\"94ecc50\" data-element_type=\"widget\" data-e-type=\"widget\" data-widget_type=\"heading.default\">\n\t\t\t\t<div class=\"elementor-widget-container\">\n\t\t\t\t\t<h3 class=\"elementor-heading-title elementor-size-default\">Int\u00e9gration en camping-car : notre m\u00e9thode (avant \/ pendant \/ apr\u00e8s)<\/h3>\t\t\t\t<\/div>\n\t\t\t\t<\/div>\n\t\t\t\t<div class=\"elementor-element elementor-element-1a64afd elementor-widget elementor-widget-text-editor\" data-id=\"1a64afd\" data-element_type=\"widget\" data-e-type=\"widget\" data-widget_type=\"text-editor.default\">\n\t\t\t\t<div class=\"elementor-widget-container\">\n\t\t\t\t\t\t\t\t\t<p>Une <a href=\"https:\/\/campervanservice.fr\/nos-packs\/pack-autonomie-electrique\/\">installation lithium<\/a> ne se pose pas \u201c\u00e0 l\u2019identique\u201d d\u2019une AGM. Avant de poser, nous validons syst\u00e9matiquement la cha\u00eene compl\u00e8te.<\/p>\t\t\t\t\t\t\t\t<\/div>\n\t\t\t\t<\/div>\n\t\t<div class=\"elementor-element elementor-element-a1b02e7 e-con-full e-flex e-con e-child\" data-id=\"a1b02e7\" data-element_type=\"container\" data-e-type=\"container\">\n\t\t<div class=\"elementor-element elementor-element-8d74997 e-con-full e-flex e-con e-child\" data-id=\"8d74997\" data-element_type=\"container\" data-e-type=\"container\" data-settings=\"{&quot;background_background&quot;:&quot;classic&quot;}\">\n\t\t\t\t<div class=\"elementor-element elementor-element-c91027c elementor-widget elementor-widget-heading\" data-id=\"c91027c\" data-element_type=\"widget\" data-e-type=\"widget\" data-widget_type=\"heading.default\">\n\t\t\t\t<div class=\"elementor-widget-container\">\n\t\t\t\t\t<h3 class=\"elementor-heading-title elementor-size-default\">Avant l\u2019installation : compatibilit\u00e9s &amp; dimensionnement<\/h3>\t\t\t\t<\/div>\n\t\t\t\t<\/div>\n\t\t\t\t<div class=\"elementor-element elementor-element-1fef98b elementor-widget elementor-widget-text-editor\" data-id=\"1fef98b\" data-element_type=\"widget\" data-e-type=\"widget\" data-widget_type=\"text-editor.default\">\n\t\t\t\t<div class=\"elementor-widget-container\">\n\t\t\t\t\t\t\t\t\t<p>Nous v\u00e9rifions :<\/p><ul><li>Charge 230V : chargeur compatible lithium, courbes de charge adapt\u00e9es, puissance coh\u00e9rente<\/li><li>Charge en roulant : alternateur, m\u00e9thode de charge (souvent DC-DC selon v\u00e9hicule), protections et sections<\/li><li>Solaire : dimensionnement panneaux, r\u00e9gulateur (MPPT si n\u00e9cessaire), c\u00e2blage toiture, \u00e9tanch\u00e9it\u00e9 des passages<\/li><li>Protections : fusibles\/coupe-circuits plac\u00e9s au bon endroit, valeurs coh\u00e9rentes, distribution +\/\u2013 s\u00e9curis\u00e9e<\/li><li>Sections &amp; longueurs : limitation des chutes de tension, r\u00e9duction des points de chauffe, cheminement prot\u00e9g\u00e9<\/li><li>Implantation : fixation, acc\u00e8s maintenance, ventilation si n\u00e9cessaire, protection m\u00e9canique<\/li><\/ul>\t\t\t\t\t\t\t\t<\/div>\n\t\t\t\t<\/div>\n\t\t\t\t<\/div>\n\t\t<div class=\"elementor-element elementor-element-8e74e4b e-con-full e-flex e-con e-child\" data-id=\"8e74e4b\" data-element_type=\"container\" data-e-type=\"container\" data-settings=\"{&quot;background_background&quot;:&quot;classic&quot;}\">\n\t\t\t\t<div class=\"elementor-element elementor-element-f2c3e6c elementor-widget elementor-widget-heading\" data-id=\"f2c3e6c\" data-element_type=\"widget\" data-e-type=\"widget\" data-widget_type=\"heading.default\">\n\t\t\t\t<div class=\"elementor-widget-container\">\n\t\t\t\t\t<h3 class=\"elementor-heading-title elementor-size-default\">Pendant l\u2019installation : c\u00e2blage propre et logique<\/h3>\t\t\t\t<\/div>\n\t\t\t\t<\/div>\n\t\t\t\t<div class=\"elementor-element elementor-element-4439267 elementor-widget elementor-widget-text-editor\" data-id=\"4439267\" data-element_type=\"widget\" data-e-type=\"widget\" data-widget_type=\"text-editor.default\">\n\t\t\t\t<div class=\"elementor-widget-container\">\n\t\t\t\t\t\t\t\t\tNous privil\u00e9gions :\n\nun c\u00e2blage lisible (rep\u00e9rage), sertissages corrects, fixations propres\n\nune distribution prot\u00e9g\u00e9e et pens\u00e9e pour l\u2019usage r\u00e9el (12V, convertisseur, accessoires)\n\nl\u2019\u00e9vitement des bricolages classiques : dominos, cosses mal serties, masses al\u00e9atoires, sections trop faibles\t\t\t\t\t\t\t\t<\/div>\n\t\t\t\t<\/div>\n\t\t\t\t<\/div>\n\t\t<div class=\"elementor-element elementor-element-664b01a e-con-full e-flex e-con e-child\" data-id=\"664b01a\" data-element_type=\"container\" data-e-type=\"container\" data-settings=\"{&quot;background_background&quot;:&quot;classic&quot;}\">\n\t\t\t\t<div class=\"elementor-element elementor-element-151d739 elementor-widget elementor-widget-heading\" data-id=\"151d739\" data-element_type=\"widget\" data-e-type=\"widget\" data-widget_type=\"heading.default\">\n\t\t\t\t<div class=\"elementor-widget-container\">\n\t\t\t\t\t<h3 class=\"elementor-heading-title elementor-size-default\">Apr\u00e8s l\u2019installation : tests et validation<\/h3>\t\t\t\t<\/div>\n\t\t\t\t<\/div>\n\t\t\t\t<div class=\"elementor-element elementor-element-f1b583f elementor-widget elementor-widget-text-editor\" data-id=\"f1b583f\" data-element_type=\"widget\" data-e-type=\"widget\" data-widget_type=\"text-editor.default\">\n\t\t\t\t<div class=\"elementor-widget-container\">\n\t\t\t\t\t\t\t\t\t<p>Nous validons :<\/p><ul><li>la charge (routier \/ 230V \/ solaire) et la coh\u00e9rence des valeurs<\/li><li>le comportement du syst\u00e8me sous consommation (convertisseur, frigo, pompe, etc.)<\/li><li>la stabilit\u00e9 (temp\u00e9rature, points de chauffe, tenue des connexions)<\/li><\/ul>\t\t\t\t\t\t\t\t<\/div>\n\t\t\t\t<\/div>\n\t\t\t\t<\/div>\n\t\t\t\t<\/div>\n\t\t\t\t\t<\/div>\n\t\t\t\t<\/div>\n\t\t\t\t<\/div>\n\t\t","protected":false},"excerpt":{"rendered":"<p>Notre partenaire \u00e9nergie : Ultimatron France Batteries Lithium LiFePO4 (Smart BMS + Bluetooth) &amp; r\u00e9gulation solaire MPPT Qui est Ultimatron France ? Dans une installation \u00e9lectrique de camping-car, fourgon ou van am\u00e9nag\u00e9, la fiabilit\u00e9 ne d\u00e9pend pas uniquement de la capacit\u00e9 de batterie. Elle d\u00e9pend de la coh\u00e9rence du syst\u00e8me complet : stockage, recharge en [&hellip;]<\/p>\n","protected":false},"author":2,"featured_media":0,"parent":1120,"menu_order":0,"comment_status":"closed","ping_status":"closed","template":"","meta":{"footnotes":""},"class_list":["post-3331","page","type-page","status-publish","hentry"],"jetpack_sharing_enabled":true,"_links":{"self":[{"href":"https:\/\/campervanservice.fr\/en\/wp-json\/wp\/v2\/pages\/3331","targetHints":{"allow":["GET"]}}],"collection":[{"href":"https:\/\/campervanservice.fr\/en\/wp-json\/wp\/v2\/pages"}],"about":[{"href":"https:\/\/campervanservice.fr\/en\/wp-json\/wp\/v2\/types\/page"}],"author":[{"embeddable":true,"href":"https:\/\/campervanservice.fr\/en\/wp-json\/wp\/v2\/users\/2"}],"replies":[{"embeddable":true,"href":"https:\/\/campervanservice.fr\/en\/wp-json\/wp\/v2\/comments?post=3331"}],"version-history":[{"count":19,"href":"https:\/\/campervanservice.fr\/en\/wp-json\/wp\/v2\/pages\/3331\/revisions"}],"predecessor-version":[{"id":3374,"href":"https:\/\/campervanservice.fr\/en\/wp-json\/wp\/v2\/pages\/3331\/revisions\/3374"}],"up":[{"embeddable":true,"href":"https:\/\/campervanservice.fr\/en\/wp-json\/wp\/v2\/pages\/1120"}],"wp:attachment":[{"href":"https:\/\/campervanservice.fr\/en\/wp-json\/wp\/v2\/media?parent=3331"}],"curies":[{"name":"wp","href":"https:\/\/api.w.org\/{rel}","templated":true}]}}