{"id":2976,"date":"2025-12-04T14:04:04","date_gmt":"2025-12-04T13:04:04","guid":{"rendered":"https:\/\/campervanservice.fr\/?page_id=2976"},"modified":"2025-12-11T10:18:46","modified_gmt":"2025-12-11T09:18:46","slug":"assurance-camping-car-monde-hors-usa-canada-partenaire-cvs","status":"publish","type":"page","link":"https:\/\/campervanservice.fr\/en\/partenaires\/assurance-camping-car-monde-hors-usa-canada-partenaire-cvs\/","title":{"rendered":"Marie Assurances"},"content":{"rendered":"\t\t<div data-elementor-type=\"wp-page\" data-elementor-id=\"2976\" class=\"elementor elementor-2976\" data-elementor-post-type=\"page\">\n\t\t\t\t<div class=\"elementor-element elementor-element-fb925ea e-flex e-con-boxed e-con e-parent\" data-id=\"fb925ea\" data-element_type=\"container\" data-e-type=\"container\" data-settings=\"{&quot;background_background&quot;:&quot;classic&quot;}\">\n\t\t\t\t\t<div class=\"e-con-inner\">\n\t\t<div class=\"elementor-element elementor-element-e1bbb14 e-con-full e-flex e-con e-child\" data-id=\"e1bbb14\" data-element_type=\"container\" data-e-type=\"container\">\n\t\t<div class=\"elementor-element elementor-element-d3cb919 e-con-full e-flex e-con e-child\" data-id=\"d3cb919\" data-element_type=\"container\" data-e-type=\"container\" data-settings=\"{&quot;background_background&quot;:&quot;classic&quot;}\">\n\t\t\t\t<div class=\"elementor-element elementor-element-8ad4bd7 elementor-widget elementor-widget-heading\" data-id=\"8ad4bd7\" data-element_type=\"widget\" data-e-type=\"widget\" data-widget_type=\"heading.default\">\n\t\t\t\t<div class=\"elementor-widget-container\">\n\t\t\t\t\t<h1 class=\"elementor-heading-title elementor-size-default\"><a href=\"https:\/\/assurances-marie.fr\/\" target=\"_blank\" rel=\"noopener\">Notre partenaire assurance :\nR\u00e9gis Marie Assurances<\/a><\/h1>\t\t\t\t<\/div>\n\t\t\t\t<\/div>\n\t\t\t\t<div class=\"elementor-element elementor-element-a1f473f elementor-widget elementor-widget-heading\" data-id=\"a1f473f\" data-element_type=\"widget\" data-e-type=\"widget\" data-widget_type=\"heading.default\">\n\t\t\t\t<div class=\"elementor-widget-container\">\n\t\t\t\t\t<h2 class=\"elementor-heading-title elementor-size-default\">Assurer votre camping-car\u2026 et votre vie nomade, partout dans le monde (hors USA &amp; Canada)<\/h2>\t\t\t\t<\/div>\n\t\t\t\t<\/div>\n\t\t\t\t<\/div>\n\t\t<div class=\"elementor-element elementor-element-160f2c7 e-con-full e-flex e-con e-child\" data-id=\"160f2c7\" data-element_type=\"container\" data-e-type=\"container\" data-settings=\"{&quot;background_background&quot;:&quot;classic&quot;}\">\n\t\t\t\t<div class=\"elementor-element elementor-element-46dab9e elementor-widget elementor-widget-image\" data-id=\"46dab9e\" data-element_type=\"widget\" data-e-type=\"widget\" data-widget_type=\"image.default\">\n\t\t\t\t<div class=\"elementor-widget-container\">\n\t\t\t\t\t\t\t\t\t\t\t\t\t\t\t<img fetchpriority=\"high\" decoding=\"async\" width=\"800\" height=\"182\" src=\"https:\/\/campervanservice.fr\/wp-content\/uploads\/2025\/12\/NVO-LOGO-CCAR-1024x233.png\" class=\"attachment-large size-large wp-image-2969\" alt=\"\" srcset=\"https:\/\/campervanservice.fr\/wp-content\/uploads\/2025\/12\/NVO-LOGO-CCAR-1024x233.png 1024w, https:\/\/campervanservice.fr\/wp-content\/uploads\/2025\/12\/NVO-LOGO-CCAR-300x68.png 300w, https:\/\/campervanservice.fr\/wp-content\/uploads\/2025\/12\/NVO-LOGO-CCAR-768x175.png 768w, https:\/\/campervanservice.fr\/wp-content\/uploads\/2025\/12\/NVO-LOGO-CCAR-1536x349.png 1536w, https:\/\/campervanservice.fr\/wp-content\/uploads\/2025\/12\/NVO-LOGO-CCAR-18x4.png 18w, https:\/\/campervanservice.fr\/wp-content\/uploads\/2025\/12\/NVO-LOGO-CCAR.png 1675w\" sizes=\"(max-width: 800px) 100vw, 800px\" \/>\t\t\t\t\t\t\t\t\t\t\t\t\t\t\t<\/div>\n\t\t\t\t<\/div>\n\t\t\t\t<\/div>\n\t\t\t\t<\/div>\n\t\t\t\t\t<\/div>\n\t\t\t\t<\/div>\n\t\t<div class=\"elementor-element elementor-element-cfa7dd5 e-flex e-con-boxed e-con e-parent\" data-id=\"cfa7dd5\" data-element_type=\"container\" data-e-type=\"container\">\n\t\t\t\t\t<div class=\"e-con-inner\">\n\t\t\t\t<div class=\"elementor-element elementor-element-536e55f elementor-widget elementor-widget-heading\" data-id=\"536e55f\" data-element_type=\"widget\" data-e-type=\"widget\" data-widget_type=\"heading.default\">\n\t\t\t\t<div class=\"elementor-widget-container\">\n\t\t\t\t\t<h2 class=\"elementor-heading-title elementor-size-default\">Qui sont Assurances Marie ?<\/h2>\t\t\t\t<\/div>\n\t\t\t\t<\/div>\n\t\t\t\t<div class=\"elementor-element elementor-element-41634bb elementor-widget elementor-widget-text-editor\" data-id=\"41634bb\" data-element_type=\"widget\" data-e-type=\"widget\" data-widget_type=\"text-editor.default\">\n\t\t\t\t<div class=\"elementor-widget-container\">\n\t\t\t\t\t\t\t\t\t<p>Bas\u00e9e \u00e0 La Mure, en Is\u00e8re, l\u2019agence<a href=\"https:\/\/assurances-marie.fr\/\" target=\"_blank\" rel=\"noopener\"> R\u00e9gis Marie Assurances<\/a> s\u2019est sp\u00e9cialis\u00e9e tr\u00e8s t\u00f4t dans les camping-cars et vans am\u00e9nag\u00e9s. Ils ont mis en place l\u2019un des premiers contrats d\u00e9di\u00e9s sp\u00e9cifiquement aux camping-cars au d\u00e9but des ann\u00e9es 80, et accompagnent depuis des milliers de camping-caristes, du vacancier occasionnel au full-timer.<\/p><p><b>Leur m\u00e9tier : <\/b>assurer les v\u00e9hicules de loisirs et ceux qui vivent ou travaillent dedans, avec un accompagnement humain, par une petite \u00e9quipe qui conna\u00eet tr\u00e8s bien les r\u00e9alit\u00e9s de la route.<\/p>\t\t\t\t\t\t\t\t<\/div>\n\t\t\t\t<\/div>\n\t\t\t\t\t<\/div>\n\t\t\t\t<\/div>\n\t\t<div class=\"elementor-element elementor-element-68d582f e-flex e-con-boxed e-con e-parent\" data-id=\"68d582f\" data-element_type=\"container\" data-e-type=\"container\">\n\t\t\t\t\t<div class=\"e-con-inner\">\n\t\t<div class=\"elementor-element elementor-element-ec73b0e e-con-full e-flex e-con e-child\" data-id=\"ec73b0e\" data-element_type=\"container\" data-e-type=\"container\">\n\t\t\t\t<div class=\"elementor-element elementor-element-fb96ae1 elementor-widget elementor-widget-heading\" data-id=\"fb96ae1\" data-element_type=\"widget\" data-e-type=\"widget\" data-widget_type=\"heading.default\">\n\t\t\t\t<div class=\"elementor-widget-container\">\n\t\t\t\t\t<h2 class=\"elementor-heading-title elementor-size-default\">Une assurance pens\u00e9e pour les camping-cars, vans et fourgons am\u00e9nag\u00e9s<\/h2>\t\t\t\t<\/div>\n\t\t\t\t<\/div>\n\t\t\t\t<div class=\"elementor-element elementor-element-e808477 elementor-widget elementor-widget-text-editor\" data-id=\"e808477\" data-element_type=\"widget\" data-e-type=\"widget\" data-widget_type=\"text-editor.default\">\n\t\t\t\t<div class=\"elementor-widget-container\">\n\t\t\t\t\t\t\t\t\t<p><strong>Le contrat camping-car Assurances Marie couvre tout v\u00e9hicule am\u00e9nag\u00e9 pour \u00eatre habitable :<\/strong><\/p><ul><li>int\u00e9graux, profil\u00e9s, capucines,<\/li><li>fourgons am\u00e9nag\u00e9s et vans,<\/li><li>pickup + cellule am\u00e9nag\u00e9e,<\/li><li>v\u00e9hicules en fin d\u2019am\u00e9nagement (dans certaines conditions).<\/li><\/ul><p>Parmi les points forts de leur contrat camping-car, on retrouve notamment :<\/p><ul><li>Assurer la valeur des effets personnels emport\u00e9 lors du voyage, au choix de l&rsquo;assur\u00e9. Cela peut donc comprendre des ordinateurs, appareils photos etc&#8230;<\/li><li>Assurer la valeur des \u00e9quipements pr\u00e9sent sur le v\u00e9hicule (parabole, panneaux solaires, auvent, pile \u00e0 combustible, etc), peuvent \u00e9galement \u00eatre couvert, au choix de l&rsquo;assur\u00e9 bien entendu.\u00a0<\/li><li>Formule tous risques, avec possibilit\u00e9 d\u2019ajuster les franchises.<\/li><li>Kilom\u00e9trage modulable selon votre usage r\u00e9el.<\/li><li>Assistance 24h\/24 \u2013 7j\/7 avec rapatriement du v\u00e9hicule et des personnes, via des partenaires reconnus.<\/li><li>SOS crevaison et aide en cas de panne ou d\u2019incident.<\/li><li>Protection juridique incluse (litiges avec garage, vendeur\/acheteur, d\u00e9faut de fabrication, etc.).<\/li><\/ul><p><strong>L\u2019id\u00e9e : un contrat construit pour le camping-car, pas une simple adaptation d\u2019un contrat auto classique.<\/strong><\/p>\t\t\t\t\t\t\t\t<\/div>\n\t\t\t\t<\/div>\n\t\t\t\t<\/div>\n\t\t<div class=\"elementor-element elementor-element-6480e9c e-con-full e-flex e-con e-child\" data-id=\"6480e9c\" data-element_type=\"container\" data-e-type=\"container\">\n\t\t\t\t<div class=\"elementor-element elementor-element-c4f1232 elementor-widget elementor-widget-image\" data-id=\"c4f1232\" data-element_type=\"widget\" data-e-type=\"widget\" data-widget_type=\"image.default\">\n\t\t\t\t<div class=\"elementor-widget-container\">\n\t\t\t\t\t\t\t\t\t\t\t\t\t\t\t<img decoding=\"async\" width=\"735\" height=\"1024\" src=\"https:\/\/campervanservice.fr\/wp-content\/uploads\/2025\/12\/Gemini_Generated_Image_k3k14ek3k14ek3k1-e1764860369232-735x1024.jpg\" class=\"attachment-large size-large wp-image-2992\" alt=\"\" srcset=\"https:\/\/campervanservice.fr\/wp-content\/uploads\/2025\/12\/Gemini_Generated_Image_k3k14ek3k14ek3k1-e1764860369232-735x1024.jpg 735w, https:\/\/campervanservice.fr\/wp-content\/uploads\/2025\/12\/Gemini_Generated_Image_k3k14ek3k14ek3k1-e1764860369232-215x300.jpg 215w, https:\/\/campervanservice.fr\/wp-content\/uploads\/2025\/12\/Gemini_Generated_Image_k3k14ek3k14ek3k1-e1764860369232-768x1070.jpg 768w, https:\/\/campervanservice.fr\/wp-content\/uploads\/2025\/12\/Gemini_Generated_Image_k3k14ek3k14ek3k1-e1764860369232-1103x1536.jpg 1103w, https:\/\/campervanservice.fr\/wp-content\/uploads\/2025\/12\/Gemini_Generated_Image_k3k14ek3k14ek3k1-e1764860369232-9x12.jpg 9w, https:\/\/campervanservice.fr\/wp-content\/uploads\/2025\/12\/Gemini_Generated_Image_k3k14ek3k14ek3k1-e1764860369232.jpg 1248w\" sizes=\"(max-width: 735px) 100vw, 735px\" \/>\t\t\t\t\t\t\t\t\t\t\t\t\t\t\t<\/div>\n\t\t\t\t<\/div>\n\t\t\t\t<\/div>\n\t\t\t\t\t<\/div>\n\t\t\t\t<\/div>\n\t\t<div class=\"elementor-element elementor-element-8a636ee e-flex e-con-boxed e-con e-parent\" data-id=\"8a636ee\" data-element_type=\"container\" data-e-type=\"container\">\n\t\t\t\t\t<div class=\"e-con-inner\">\n\t\t<div class=\"elementor-element elementor-element-3799ea7 e-con-full e-flex e-con e-child\" data-id=\"3799ea7\" data-element_type=\"container\" data-e-type=\"container\">\n\t\t<div class=\"elementor-element elementor-element-cec88e8 e-con-full e-flex e-con e-child\" data-id=\"cec88e8\" data-element_type=\"container\" data-e-type=\"container\" data-settings=\"{&quot;sticky&quot;:&quot;top&quot;,&quot;sticky_offset&quot;:100,&quot;sticky_parent&quot;:&quot;yes&quot;,&quot;sticky_on&quot;:[&quot;desktop&quot;,&quot;tablet&quot;,&quot;mobile&quot;],&quot;sticky_effects_offset&quot;:0,&quot;sticky_anchor_link_offset&quot;:0}\">\n\t\t\t\t<div class=\"elementor-element elementor-element-ead7358 elementor-widget elementor-widget-image\" data-id=\"ead7358\" data-element_type=\"widget\" data-e-type=\"widget\" data-widget_type=\"image.default\">\n\t\t\t\t<div class=\"elementor-widget-container\">\n\t\t\t\t\t\t\t\t\t\t\t\t\t\t\t<img decoding=\"async\" width=\"800\" height=\"459\" src=\"https:\/\/campervanservice.fr\/wp-content\/uploads\/2025\/12\/Gemini_Generated_Image_ovp381ovp381ovp3-scaled-e1764860385481-1024x587.jpg\" class=\"attachment-large size-large wp-image-2994\" alt=\"\" srcset=\"https:\/\/campervanservice.fr\/wp-content\/uploads\/2025\/12\/Gemini_Generated_Image_ovp381ovp381ovp3-scaled-e1764860385481-1024x587.jpg 1024w, https:\/\/campervanservice.fr\/wp-content\/uploads\/2025\/12\/Gemini_Generated_Image_ovp381ovp381ovp3-scaled-e1764860385481-300x172.jpg 300w, https:\/\/campervanservice.fr\/wp-content\/uploads\/2025\/12\/Gemini_Generated_Image_ovp381ovp381ovp3-scaled-e1764860385481-768x441.jpg 768w, https:\/\/campervanservice.fr\/wp-content\/uploads\/2025\/12\/Gemini_Generated_Image_ovp381ovp381ovp3-scaled-e1764860385481-1536x881.jpg 1536w, https:\/\/campervanservice.fr\/wp-content\/uploads\/2025\/12\/Gemini_Generated_Image_ovp381ovp381ovp3-scaled-e1764860385481-2048x1175.jpg 2048w, https:\/\/campervanservice.fr\/wp-content\/uploads\/2025\/12\/Gemini_Generated_Image_ovp381ovp381ovp3-scaled-e1764860385481-18x10.jpg 18w\" sizes=\"(max-width: 800px) 100vw, 800px\" \/>\t\t\t\t\t\t\t\t\t\t\t\t\t\t\t<\/div>\n\t\t\t\t<\/div>\n\t\t\t\t<\/div>\n\t\t\t\t<\/div>\n\t\t<div class=\"elementor-element elementor-element-fc9d289 e-con-full e-flex e-con e-child\" data-id=\"fc9d289\" data-element_type=\"container\" data-e-type=\"container\">\n\t\t\t\t<div class=\"elementor-element elementor-element-12e078c elementor-widget elementor-widget-heading\" data-id=\"12e078c\" data-element_type=\"widget\" data-e-type=\"widget\" data-widget_type=\"heading.default\">\n\t\t\t\t<div class=\"elementor-widget-container\">\n\t\t\t\t\t<h2 class=\"elementor-heading-title elementor-size-default\">Voyager (presque) partout dans le monde, hors USA &amp; Canada<\/h2>\t\t\t\t<\/div>\n\t\t\t\t<\/div>\n\t\t\t\t<div class=\"elementor-element elementor-element-1a8f81e elementor-widget elementor-widget-text-editor\" data-id=\"1a8f81e\" data-element_type=\"widget\" data-e-type=\"widget\" data-widget_type=\"text-editor.default\">\n\t\t\t\t<div class=\"elementor-widget-container\">\n\t\t\t\t\t\t\t\t\t<p>Le gros plus d\u2019Assurances Marie : la possibilit\u00e9 de sortir du cadre strict de la carte verte.<\/p><p>Leur contrat camping-car inclut des garanties \u00e9tendues au monde entier, y compris hors pays de la carte verte, pour une dur\u00e9e limit\u00e9e (90 jours), \u00e0 l\u2019exception des \u00c9tats-Unis et du Canada.<br \/>Concr\u00e8tement, cela ouvre la porte \u00e0 des projets comme :<\/p><ul><li>un long roadtrip au Maroc, en Tunisie ou dans d\u2019autres pays hors UE,<\/li><li>des voyages prolong\u00e9s vers l\u2019Europe de l\u2019Est, la Turquie, les Balkans\u2026<\/li><li>des itin\u00e9raires sur plusieurs continents (hors Am\u00e9rique du Nord).<\/li><\/ul><p>Pour chaque projet, les conditions exactes (dur\u00e9e, pays visit\u00e9s, garanties appliqu\u00e9es) sont \u00e0 valider directement avec Assurances Marie au moment du devis.<\/p>\t\t\t\t\t\t\t\t<\/div>\n\t\t\t\t<\/div>\n\t\t\t\t<\/div>\n\t\t\t\t\t<\/div>\n\t\t\t\t<\/div>\n\t\t<div class=\"elementor-element elementor-element-9bc8466 e-flex e-con-boxed e-con e-parent\" data-id=\"9bc8466\" data-element_type=\"container\" data-e-type=\"container\">\n\t\t\t\t\t<div class=\"e-con-inner\">\n\t\t<div class=\"elementor-element elementor-element-2b7bf45 e-con-full e-flex e-con e-child\" data-id=\"2b7bf45\" data-element_type=\"container\" data-e-type=\"container\">\n\t\t\t\t<div class=\"elementor-element elementor-element-8aaf687 elementor-widget elementor-widget-heading\" data-id=\"8aaf687\" data-element_type=\"widget\" data-e-type=\"widget\" data-widget_type=\"heading.default\">\n\t\t\t\t<div class=\"elementor-widget-container\">\n\t\t\t\t\t<h2 class=\"elementor-heading-title elementor-size-default\">Et si votre camping-car est aussi votre bureau ?<\/h2>\t\t\t\t<\/div>\n\t\t\t\t<\/div>\n\t\t\t\t<div class=\"elementor-element elementor-element-61f6678 elementor-widget elementor-widget-text-editor\" data-id=\"61f6678\" data-element_type=\"widget\" data-e-type=\"widget\" data-widget_type=\"text-editor.default\">\n\t\t\t\t<div class=\"elementor-widget-container\">\n\t\t\t\t\t\t\t\t\t<p>De plus en plus de personnes travaillent depuis leur camping-car ou leur van :<\/p><ul><li>t\u00e9l\u00e9travail \/ freelance,<\/li><li>artisans et techniciens itin\u00e9rants,<\/li><li>th\u00e9rapeutes et coachs en d\u00e9placement,<\/li><li>photographes, cr\u00e9ateurs de contenu, etc.<\/li><\/ul><p>\u00a0<\/p><p><strong>Assurances Marie ne se limite pas au camping-car<\/strong> : ils proposent aussi des assurances professionnelles, habitation, auto-moto, sant\u00e9, pr\u00e9voyance\u2026, partout en France.<br \/>assurances-marie.fr<\/p><p><strong>Cela leur permet :<\/strong><\/p><ul><li>d\u2019\u00e9tudier les situations o\u00f9 le camping-car sert \u00e0 la fois de logement et d\u2019outil de travail,<\/li><li>d\u2019adapter les garanties en fonction de votre usage (loisir, mixte, pro),<\/li><li>de r\u00e9fl\u00e9chir \u00e0 la protection de certains \u00e9quipements pros pr\u00e9sents \u00e0 bord (dans le cadre de contrats adapt\u00e9s).<\/li><li>Pour les full-timers et les nomades qui vivent \u00e0 l\u2019ann\u00e9e dans leur v\u00e9hicule, Assurances Marie fait partie des assureurs reconnus par la communaut\u00e9 pour couvrir ce type d\u2019usage sp\u00e9cifique.<\/li><\/ul><p>L\u00e0 encore, chaque cas est \u00e9tudi\u00e9 individuellement : nature de l\u2019activit\u00e9, valeur du mat\u00e9riel, zones de voyage, etc.<\/p>\t\t\t\t\t\t\t\t<\/div>\n\t\t\t\t<\/div>\n\t\t\t\t<\/div>\n\t\t<div class=\"elementor-element elementor-element-199c8fe e-con-full e-flex e-con e-child\" data-id=\"199c8fe\" data-element_type=\"container\" data-e-type=\"container\">\n\t\t<div class=\"elementor-element elementor-element-92a422d e-con-full e-flex e-con e-child\" data-id=\"92a422d\" data-element_type=\"container\" data-e-type=\"container\" data-settings=\"{&quot;sticky&quot;:&quot;top&quot;,&quot;sticky_offset&quot;:100,&quot;sticky_parent&quot;:&quot;yes&quot;,&quot;sticky_on&quot;:[&quot;desktop&quot;,&quot;tablet&quot;,&quot;mobile&quot;],&quot;sticky_effects_offset&quot;:0,&quot;sticky_anchor_link_offset&quot;:0}\">\n\t\t\t\t<div class=\"elementor-element elementor-element-14ce0ed elementor-widget elementor-widget-image\" data-id=\"14ce0ed\" data-element_type=\"widget\" data-e-type=\"widget\" data-widget_type=\"image.default\">\n\t\t\t\t<div class=\"elementor-widget-container\">\n\t\t\t\t\t\t\t\t\t\t\t\t\t\t\t<img loading=\"lazy\" decoding=\"async\" width=\"800\" height=\"451\" src=\"https:\/\/campervanservice.fr\/wp-content\/uploads\/2025\/12\/unnamed-1-e1764861707266.jpg\" class=\"attachment-large size-large wp-image-3004\" alt=\"\" srcset=\"https:\/\/campervanservice.fr\/wp-content\/uploads\/2025\/12\/unnamed-1-e1764861707266.jpg 923w, https:\/\/campervanservice.fr\/wp-content\/uploads\/2025\/12\/unnamed-1-e1764861707266-300x169.jpg 300w, https:\/\/campervanservice.fr\/wp-content\/uploads\/2025\/12\/unnamed-1-e1764861707266-768x433.jpg 768w, https:\/\/campervanservice.fr\/wp-content\/uploads\/2025\/12\/unnamed-1-e1764861707266-18x10.jpg 18w\" sizes=\"(max-width: 800px) 100vw, 800px\" \/>\t\t\t\t\t\t\t\t\t\t\t\t\t\t\t<\/div>\n\t\t\t\t<\/div>\n\t\t\t\t<\/div>\n\t\t\t\t<\/div>\n\t\t\t\t\t<\/div>\n\t\t\t\t<\/div>\n\t\t\t\t<\/div>\n\t\t","protected":false},"excerpt":{"rendered":"<p>Notre partenaire assurance : R\u00e9gis Marie Assurances Assurer votre camping-car\u2026 et votre vie nomade, partout dans le monde (hors USA &amp; Canada) Qui sont Assurances Marie ? Bas\u00e9e \u00e0 La Mure, en Is\u00e8re, l\u2019agence R\u00e9gis Marie Assurances s\u2019est sp\u00e9cialis\u00e9e tr\u00e8s t\u00f4t dans les camping-cars et vans am\u00e9nag\u00e9s. Ils ont mis en place l\u2019un des premiers [&hellip;]<\/p>\n","protected":false},"author":2,"featured_media":0,"parent":1120,"menu_order":0,"comment_status":"closed","ping_status":"closed","template":"","meta":{"footnotes":""},"class_list":["post-2976","page","type-page","status-publish","hentry"],"jetpack_sharing_enabled":true,"_links":{"self":[{"href":"https:\/\/campervanservice.fr\/en\/wp-json\/wp\/v2\/pages\/2976","targetHints":{"allow":["GET"]}}],"collection":[{"href":"https:\/\/campervanservice.fr\/en\/wp-json\/wp\/v2\/pages"}],"about":[{"href":"https:\/\/campervanservice.fr\/en\/wp-json\/wp\/v2\/types\/page"}],"author":[{"embeddable":true,"href":"https:\/\/campervanservice.fr\/en\/wp-json\/wp\/v2\/users\/2"}],"replies":[{"embeddable":true,"href":"https:\/\/campervanservice.fr\/en\/wp-json\/wp\/v2\/comments?post=2976"}],"version-history":[{"count":38,"href":"https:\/\/campervanservice.fr\/en\/wp-json\/wp\/v2\/pages\/2976\/revisions"}],"predecessor-version":[{"id":3126,"href":"https:\/\/campervanservice.fr\/en\/wp-json\/wp\/v2\/pages\/2976\/revisions\/3126"}],"up":[{"embeddable":true,"href":"https:\/\/campervanservice.fr\/en\/wp-json\/wp\/v2\/pages\/1120"}],"wp:attachment":[{"href":"https:\/\/campervanservice.fr\/en\/wp-json\/wp\/v2\/media?parent=2976"}],"curies":[{"name":"wp","href":"https:\/\/api.w.org\/{rel}","templated":true}]}}