{"id":2518,"date":"2025-09-19T13:11:16","date_gmt":"2025-09-19T12:11:16","guid":{"rendered":"https:\/\/campervanservice.fr\/?page_id=2518"},"modified":"2025-12-15T13:11:01","modified_gmt":"2025-12-15T12:11:01","slug":"autonomie-electrique","status":"publish","type":"page","link":"https:\/\/campervanservice.fr\/en\/services\/autonomie-electrique\/","title":{"rendered":"Electric range"},"content":{"rendered":"\t\t<div data-elementor-type=\"wp-page\" data-elementor-id=\"2518\" class=\"elementor elementor-2518\" data-elementor-post-type=\"page\">\n\t\t\t\t<div class=\"elementor-element elementor-element-3b6277c e-flex e-con-boxed e-con e-parent\" data-id=\"3b6277c\" data-element_type=\"container\" data-e-type=\"container\" data-settings=\"{&quot;background_background&quot;:&quot;slideshow&quot;,&quot;background_slideshow_gallery&quot;:[{&quot;id&quot;:2342,&quot;url&quot;:&quot;http:\\\/\\\/campervanservice.fr\\\/wp-content\\\/uploads\\\/2025\\\/06\\\/WhatsApp-Image-2025-06-02-at-10.36.23-8.jpeg&quot;},{&quot;id&quot;:1913,&quot;url&quot;:&quot;http:\\\/\\\/campervanservice.fr\\\/wp-content\\\/uploads\\\/2024\\\/08\\\/DSC07212.jpg&quot;},{&quot;id&quot;:1956,&quot;url&quot;:&quot;http:\\\/\\\/campervanservice.fr\\\/wp-content\\\/uploads\\\/2024\\\/08\\\/DSC07279.jpg&quot;}],&quot;background_slideshow_transition_duration&quot;:800,&quot;background_slideshow_lazyload&quot;:&quot;yes&quot;,&quot;background_slideshow_ken_burns&quot;:&quot;yes&quot;,&quot;background_slideshow_slide_duration&quot;:2000,&quot;background_slideshow_loop&quot;:&quot;yes&quot;,&quot;background_slideshow_slide_transition&quot;:&quot;fade&quot;,&quot;background_slideshow_ken_burns_zoom_direction&quot;:&quot;in&quot;}\">\n\t\t\t\t\t<div class=\"e-con-inner\">\n\t\t\t\t<div class=\"elementor-element elementor-element-a36d598 elementor-widget elementor-widget-heading\" data-id=\"a36d598\" data-element_type=\"widget\" data-e-type=\"widget\" data-widget_type=\"heading.default\">\n\t\t\t\t<div class=\"elementor-widget-container\">\n\t\t\t\t\t<h1 class=\"elementor-heading-title elementor-size-default\">Autonomie Electrique <\/h1>\t\t\t\t<\/div>\n\t\t\t\t<\/div>\n\t\t\t\t<div class=\"elementor-element elementor-element-9fa4900 elementor-widget elementor-widget-heading\" data-id=\"9fa4900\" data-element_type=\"widget\" data-e-type=\"widget\" data-widget_type=\"heading.default\">\n\t\t\t\t<div class=\"elementor-widget-container\">\n\t\t\t\t\t<h2 class=\"elementor-heading-title elementor-size-default\">Camping Car - Vans - Fourgons<\/h2>\t\t\t\t<\/div>\n\t\t\t\t<\/div>\n\t\t\t\t\t<\/div>\n\t\t\t\t<\/div>\n\t\t<div class=\"elementor-element elementor-element-8e683e0 e-grid e-con-boxed e-con e-parent\" data-id=\"8e683e0\" data-element_type=\"container\" data-e-type=\"container\">\n\t\t\t\t\t<div class=\"e-con-inner\">\n\t\t\t\t<div class=\"elementor-element elementor-element-48063f6 elementor-widget-mobile__width-initial elementor-position-top elementor-widget elementor-widget-image-box\" data-id=\"48063f6\" data-element_type=\"widget\" data-e-type=\"widget\" data-widget_type=\"image-box.default\">\n\t\t\t\t<div class=\"elementor-widget-container\">\n\t\t\t\t\t<div class=\"elementor-image-box-wrapper\"><figure class=\"elementor-image-box-img\"><a href=\"https:\/\/campervanservice.fr\/services\/amenagement-de-vehicule\/\" tabindex=\"-1\"><img fetchpriority=\"high\" decoding=\"async\" width=\"256\" height=\"256\" src=\"https:\/\/campervanservice.fr\/wp-content\/uploads\/2024\/09\/panneau.png\" class=\"attachment-full size-full wp-image-2077\" alt=\"\" srcset=\"https:\/\/campervanservice.fr\/wp-content\/uploads\/2024\/09\/panneau.png 256w, https:\/\/campervanservice.fr\/wp-content\/uploads\/2024\/09\/panneau-150x150.png 150w\" sizes=\"(max-width: 256px) 100vw, 256px\" \/><\/a><\/figure><div class=\"elementor-image-box-content\"><h3 class=\"elementor-image-box-title\"><a href=\"https:\/\/campervanservice.fr\/services\/amenagement-de-vehicule\/\">Panneaux <br>solaires<\/a><\/h3><\/div><\/div>\t\t\t\t<\/div>\n\t\t\t\t<\/div>\n\t\t\t\t<div class=\"elementor-element elementor-element-9b3b8d4 elementor-widget-mobile__width-initial elementor-position-top elementor-widget elementor-widget-image-box\" data-id=\"9b3b8d4\" data-element_type=\"widget\" data-e-type=\"widget\" data-widget_type=\"image-box.default\">\n\t\t\t\t<div class=\"elementor-widget-container\">\n\t\t\t\t\t<div class=\"elementor-image-box-wrapper\"><figure class=\"elementor-image-box-img\"><a href=\"https:\/\/campervanservice.fr\/services\/amenagement-equipements-pieces-detachees\/\" tabindex=\"-1\"><img decoding=\"async\" width=\"256\" height=\"256\" src=\"https:\/\/campervanservice.fr\/wp-content\/uploads\/2024\/09\/batterie-1.png\" class=\"attachment-full size-full wp-image-2043\" alt=\"\" srcset=\"https:\/\/campervanservice.fr\/wp-content\/uploads\/2024\/09\/batterie-1.png 256w, https:\/\/campervanservice.fr\/wp-content\/uploads\/2024\/09\/batterie-1-150x150.png 150w\" sizes=\"(max-width: 256px) 100vw, 256px\" \/><\/a><\/figure><div class=\"elementor-image-box-content\"><h3 class=\"elementor-image-box-title\"><a href=\"https:\/\/campervanservice.fr\/services\/amenagement-equipements-pieces-detachees\/\">Batteries <br>Lithium \/ AGM<\/a><\/h3><\/div><\/div>\t\t\t\t<\/div>\n\t\t\t\t<\/div>\n\t\t\t\t<div class=\"elementor-element elementor-element-a20cdee elementor-widget-mobile__width-initial elementor-position-top elementor-widget elementor-widget-image-box\" data-id=\"a20cdee\" data-element_type=\"widget\" data-e-type=\"widget\" data-widget_type=\"image-box.default\">\n\t\t\t\t<div class=\"elementor-widget-container\">\n\t\t\t\t\t<div class=\"elementor-image-box-wrapper\"><figure class=\"elementor-image-box-img\"><a href=\"https:\/\/campervanservice.fr\/carrosserie\/\" tabindex=\"-1\"><img decoding=\"async\" width=\"512\" height=\"512\" src=\"https:\/\/campervanservice.fr\/wp-content\/uploads\/2024\/08\/eclair-1.png\" class=\"attachment-full size-full wp-image-1987\" alt=\"\" srcset=\"https:\/\/campervanservice.fr\/wp-content\/uploads\/2024\/08\/eclair-1.png 512w, https:\/\/campervanservice.fr\/wp-content\/uploads\/2024\/08\/eclair-1-300x300.png 300w, https:\/\/campervanservice.fr\/wp-content\/uploads\/2024\/08\/eclair-1-150x150.png 150w\" sizes=\"(max-width: 512px) 100vw, 512px\" \/><\/a><\/figure><div class=\"elementor-image-box-content\"><h3 class=\"elementor-image-box-title\"><a href=\"https:\/\/campervanservice.fr\/carrosserie\/\">Chargeur 220V &amp;<br>Convertisseurs<\/a><\/h3><\/div><\/div>\t\t\t\t<\/div>\n\t\t\t\t<\/div>\n\t\t\t\t<div class=\"elementor-element elementor-element-700d40d elementor-widget-mobile__width-initial elementor-position-top elementor-widget elementor-widget-image-box\" data-id=\"700d40d\" data-element_type=\"widget\" data-e-type=\"widget\" data-widget_type=\"image-box.default\">\n\t\t\t\t<div class=\"elementor-widget-container\">\n\t\t\t\t\t<div class=\"elementor-image-box-wrapper\"><figure class=\"elementor-image-box-img\"><a href=\"https:\/\/campervanservice.fr\/services\/amenagement-equipements-pieces-detachees\/\" tabindex=\"-1\"><img loading=\"lazy\" decoding=\"async\" width=\"256\" height=\"256\" src=\"https:\/\/campervanservice.fr\/wp-content\/uploads\/2024\/09\/chargeur-rapide.png\" class=\"attachment-full size-full wp-image-2079\" alt=\"\" srcset=\"https:\/\/campervanservice.fr\/wp-content\/uploads\/2024\/09\/chargeur-rapide.png 256w, https:\/\/campervanservice.fr\/wp-content\/uploads\/2024\/09\/chargeur-rapide-150x150.png 150w\" sizes=\"(max-width: 256px) 100vw, 256px\" \/><\/a><\/figure><div class=\"elementor-image-box-content\"><h3 class=\"elementor-image-box-title\"><a href=\"https:\/\/campervanservice.fr\/services\/amenagement-equipements-pieces-detachees\/\">Chargeur via l'alternateur<\/a><\/h3><\/div><\/div>\t\t\t\t<\/div>\n\t\t\t\t<\/div>\n\t\t\t\t\t<\/div>\n\t\t\t\t<\/div>\n\t\t<div class=\"elementor-element elementor-element-197f2b9 e-flex e-con-boxed e-con e-parent\" data-id=\"197f2b9\" data-element_type=\"container\" data-e-type=\"container\">\n\t\t\t\t\t<div class=\"e-con-inner\">\n\t\t<div class=\"elementor-element elementor-element-fed7ff2 e-con-full e-flex e-con e-child\" data-id=\"fed7ff2\" data-element_type=\"container\" data-e-type=\"container\" data-settings=\"{&quot;background_background&quot;:&quot;classic&quot;}\">\n\t\t\t\t<div class=\"elementor-element elementor-element-c122704 elementor-widget elementor-widget-spacer\" data-id=\"c122704\" data-element_type=\"widget\" data-e-type=\"widget\" data-widget_type=\"spacer.default\">\n\t\t\t\t<div class=\"elementor-widget-container\">\n\t\t\t\t\t\t\t<div class=\"elementor-spacer\">\n\t\t\t<div class=\"elementor-spacer-inner\"><\/div>\n\t\t<\/div>\n\t\t\t\t\t\t<\/div>\n\t\t\t\t<\/div>\n\t\t\t\t<\/div>\n\t\t<div class=\"elementor-element elementor-element-b174f91 e-con-full e-flex e-con e-child\" data-id=\"b174f91\" data-element_type=\"container\" data-e-type=\"container\">\n\t\t\t\t<div class=\"elementor-element elementor-element-fd0d051 elementor-widget elementor-widget-heading\" data-id=\"fd0d051\" data-element_type=\"widget\" data-e-type=\"widget\" data-widget_type=\"heading.default\">\n\t\t\t\t<div class=\"elementor-widget-container\">\n\t\t\t\t\t<h2 class=\"elementor-heading-title elementor-size-default\">Pose de panneaux solaires<\/h2>\t\t\t\t<\/div>\n\t\t\t\t<\/div>\n\t\t\t\t<div class=\"elementor-element elementor-element-608fe65 elementor-widget elementor-widget-text-editor\" data-id=\"608fe65\" data-element_type=\"widget\" data-e-type=\"widget\" data-widget_type=\"text-editor.default\">\n\t\t\t\t<div class=\"elementor-widget-container\">\n\t\t\t\t\t\t\t\t\t<p>Passez en mode off-grid en toute s\u00e9r\u00e9nit\u00e9. Nous dimensionnons votre kit selon votre usage (\u00e9t\u00e9\/hiver, t\u00e9l\u00e9travail, frigo, chauffage GO), puis nous posons des panneaux haut rendement avec r\u00e9gulateur <strong data-start=\"329\" data-end=\"337\">MPPT<\/strong>, passages de toit \u00e9tanches et protections \u00e9lectriques.<\/p><p><strong data-start=\"395\" data-end=\"407\">Inclus :<\/strong> \u00e9tude de conso, choix mono ou bi-panneaux, c\u00e2blage certifi\u00e9, collages\/percements garantis, afficheur\/monitoring si souhait\u00e9.<\/p>\t\t\t\t\t\t\t\t<\/div>\n\t\t\t\t<\/div>\n\t\t<div class=\"elementor-element elementor-element-78e6ffc e-con-full e-flex e-con e-child\" data-id=\"78e6ffc\" data-element_type=\"container\" data-e-type=\"container\">\n\t\t\t\t<div class=\"elementor-element elementor-element-0c710a2 elementor-widget elementor-widget-button\" data-id=\"0c710a2\" data-element_type=\"widget\" data-e-type=\"widget\" data-widget_type=\"button.default\">\n\t\t\t\t<div class=\"elementor-widget-container\">\n\t\t\t\t\t\t\t\t\t<div class=\"elementor-button-wrapper\">\n\t\t\t\t\t<a class=\"elementor-button elementor-button-link elementor-size-sm\" href=\"https:\/\/g.co\/kgs\/3ViW8or\">\n\t\t\t\t\t\t<span class=\"elementor-button-content-wrapper\">\n\t\t\t\t\t\t\t\t\t<span class=\"elementor-button-text\">Demander un devis<\/span>\n\t\t\t\t\t<\/span>\n\t\t\t\t\t<\/a>\n\t\t\t\t<\/div>\n\t\t\t\t\t\t\t\t<\/div>\n\t\t\t\t<\/div>\n\t\t\t\t<\/div>\n\t\t\t\t<\/div>\n\t\t\t\t\t<\/div>\n\t\t\t\t<\/div>\n\t\t<div class=\"elementor-element elementor-element-6fde6f9 e-flex e-con-boxed e-con e-parent\" data-id=\"6fde6f9\" data-element_type=\"container\" data-e-type=\"container\">\n\t\t\t\t\t<div class=\"e-con-inner\">\n\t\t<div class=\"elementor-element elementor-element-d90db11 e-con-full e-flex e-con e-child\" data-id=\"d90db11\" data-element_type=\"container\" data-e-type=\"container\" data-settings=\"{&quot;background_background&quot;:&quot;classic&quot;}\">\n\t\t\t\t<div class=\"elementor-element elementor-element-01a36f6 elementor-widget elementor-widget-spacer\" data-id=\"01a36f6\" data-element_type=\"widget\" data-e-type=\"widget\" data-widget_type=\"spacer.default\">\n\t\t\t\t<div class=\"elementor-widget-container\">\n\t\t\t\t\t\t\t<div class=\"elementor-spacer\">\n\t\t\t<div class=\"elementor-spacer-inner\"><\/div>\n\t\t<\/div>\n\t\t\t\t\t\t<\/div>\n\t\t\t\t<\/div>\n\t\t\t\t<\/div>\n\t\t<div class=\"elementor-element elementor-element-dba67a0 e-con-full e-flex e-con e-child\" data-id=\"dba67a0\" data-element_type=\"container\" data-e-type=\"container\">\n\t\t\t\t<div class=\"elementor-element elementor-element-8b3e42a elementor-widget elementor-widget-heading\" data-id=\"8b3e42a\" data-element_type=\"widget\" data-e-type=\"widget\" data-widget_type=\"heading.default\">\n\t\t\t\t<div class=\"elementor-widget-container\">\n\t\t\t\t\t<h2 class=\"elementor-heading-title elementor-size-default\">Batteries Lithium \/ AGM<\/h2>\t\t\t\t<\/div>\n\t\t\t\t<\/div>\n\t\t\t\t<div class=\"elementor-element elementor-element-2244d8e elementor-widget elementor-widget-text-editor\" data-id=\"2244d8e\" data-element_type=\"widget\" data-e-type=\"widget\" data-widget_type=\"text-editor.default\">\n\t\t\t\t<div class=\"elementor-widget-container\">\n\t\t\t\t\t\t\t\t\t<p>Le c\u0153ur de votre autonomie. Nous vous conseillons entre <strong data-start=\"731\" data-end=\"752\">LiFePO\u2084 (lithium)<\/strong> pour la l\u00e9g\u00e8ret\u00e9, le nombre de cycles et la recharge rapide, ou <strong data-start=\"817\" data-end=\"824\">AGM<\/strong> pour un budget serr\u00e9 et une int\u00e9gration simple.<br \/><br data-start=\"872\" data-end=\"875\" \/><strong data-start=\"875\" data-end=\"897\">Notre prestation :<\/strong> calcul de capacit\u00e9, mise en coffrage\/ventilation, BMS et sondes, s\u00e9curit\u00e9s (fusibles, coupe-circuits), param\u00e9trage des chargeurs et du moniteur de batterie.<\/p>\t\t\t\t\t\t\t\t<\/div>\n\t\t\t\t<\/div>\n\t\t<div class=\"elementor-element elementor-element-71eddbb e-con-full e-flex e-con e-child\" data-id=\"71eddbb\" data-element_type=\"container\" data-e-type=\"container\">\n\t\t\t\t<div class=\"elementor-element elementor-element-9fb06b9 elementor-widget elementor-widget-button\" data-id=\"9fb06b9\" data-element_type=\"widget\" data-e-type=\"widget\" data-widget_type=\"button.default\">\n\t\t\t\t<div class=\"elementor-widget-container\">\n\t\t\t\t\t\t\t\t\t<div class=\"elementor-button-wrapper\">\n\t\t\t\t\t<a class=\"elementor-button elementor-button-link elementor-size-sm\" href=\"https:\/\/g.co\/kgs\/3ViW8or\">\n\t\t\t\t\t\t<span class=\"elementor-button-content-wrapper\">\n\t\t\t\t\t\t\t\t\t<span class=\"elementor-button-text\">Demander un devis<\/span>\n\t\t\t\t\t<\/span>\n\t\t\t\t\t<\/a>\n\t\t\t\t<\/div>\n\t\t\t\t\t\t\t\t<\/div>\n\t\t\t\t<\/div>\n\t\t\t\t<\/div>\n\t\t\t\t<\/div>\n\t\t\t\t\t<\/div>\n\t\t\t\t<\/div>\n\t\t<div class=\"elementor-element elementor-element-10fdee2 e-flex e-con-boxed e-con e-parent\" data-id=\"10fdee2\" data-element_type=\"container\" data-e-type=\"container\">\n\t\t\t\t\t<div class=\"e-con-inner\">\n\t\t<div class=\"elementor-element elementor-element-5f542bd e-con-full e-flex e-con e-child\" data-id=\"5f542bd\" data-element_type=\"container\" data-e-type=\"container\">\n\t\t\t\t<div class=\"elementor-element elementor-element-cf607b6 elementor-widget elementor-widget-heading\" data-id=\"cf607b6\" data-element_type=\"widget\" data-e-type=\"widget\" data-widget_type=\"heading.default\">\n\t\t\t\t<div class=\"elementor-widget-container\">\n\t\t\t\t\t<h2 class=\"elementor-heading-title elementor-size-default\">Chargeur 220V &amp; Convertisseurs<\/h2>\t\t\t\t<\/div>\n\t\t\t\t<\/div>\n\t\t\t\t<div class=\"elementor-element elementor-element-dd6cb29 elementor-widget elementor-widget-text-editor\" data-id=\"dd6cb29\" data-element_type=\"widget\" data-e-type=\"widget\" data-widget_type=\"text-editor.default\">\n\t\t\t\t<div class=\"elementor-widget-container\">\n\t\t\t\t\t\t\t\t\t<p>Au camping, chez des amis ou en atelier, branchez-vous en <strong data-start=\"1277\" data-end=\"1285\">230V<\/strong> pour recharger vite et proprement. Nous installons chargeur secteur intelligent, <strong data-start=\"1367\" data-end=\"1394\">convertisseur pur sinus<\/strong> (pour laptops, machine \u00e0 caf\u00e9, etc.), prises int\u00e9rieures, diff\u00e9rentiel et disjoncteurs aux normes.<br \/><br data-start=\"1493\" data-end=\"1496\" \/><strong data-start=\"1496\" data-end=\"1509\">Options :<\/strong> entr\u00e9e ext\u00e9rieure \u00e9tanche, inverseur r\u00e9seau\/batterie, tableau de contr\u00f4le.<\/p>\t\t\t\t\t\t\t\t<\/div>\n\t\t\t\t<\/div>\n\t\t<div class=\"elementor-element elementor-element-06d5ea2 e-con-full e-flex e-con e-child\" data-id=\"06d5ea2\" data-element_type=\"container\" data-e-type=\"container\">\n\t\t\t\t<div class=\"elementor-element elementor-element-7c8d534 elementor-widget elementor-widget-button\" data-id=\"7c8d534\" data-element_type=\"widget\" data-e-type=\"widget\" data-widget_type=\"button.default\">\n\t\t\t\t<div class=\"elementor-widget-container\">\n\t\t\t\t\t\t\t\t\t<div class=\"elementor-button-wrapper\">\n\t\t\t\t\t<a class=\"elementor-button elementor-button-link elementor-size-sm\" href=\"https:\/\/g.co\/kgs\/3ViW8or\">\n\t\t\t\t\t\t<span class=\"elementor-button-content-wrapper\">\n\t\t\t\t\t\t\t\t\t<span class=\"elementor-button-text\">Demander un devis<\/span>\n\t\t\t\t\t<\/span>\n\t\t\t\t\t<\/a>\n\t\t\t\t<\/div>\n\t\t\t\t\t\t\t\t<\/div>\n\t\t\t\t<\/div>\n\t\t\t\t<\/div>\n\t\t\t\t<\/div>\n\t\t<div class=\"elementor-element elementor-element-937bdc7 e-con-full e-flex e-con e-child\" data-id=\"937bdc7\" data-element_type=\"container\" data-e-type=\"container\" data-settings=\"{&quot;background_background&quot;:&quot;classic&quot;}\">\n\t\t\t\t<div class=\"elementor-element elementor-element-23a18b4 elementor-widget elementor-widget-spacer\" data-id=\"23a18b4\" data-element_type=\"widget\" data-e-type=\"widget\" data-widget_type=\"spacer.default\">\n\t\t\t\t<div class=\"elementor-widget-container\">\n\t\t\t\t\t\t\t<div class=\"elementor-spacer\">\n\t\t\t<div class=\"elementor-spacer-inner\"><\/div>\n\t\t<\/div>\n\t\t\t\t\t\t<\/div>\n\t\t\t\t<\/div>\n\t\t\t\t<\/div>\n\t\t\t\t\t<\/div>\n\t\t\t\t<\/div>\n\t\t<div class=\"elementor-element elementor-element-3cb6cbb e-flex e-con-boxed e-con e-parent\" data-id=\"3cb6cbb\" data-element_type=\"container\" data-e-type=\"container\">\n\t\t\t\t\t<div class=\"e-con-inner\">\n\t\t<div class=\"elementor-element elementor-element-7f19b1d e-con-full e-flex e-con e-child\" data-id=\"7f19b1d\" data-element_type=\"container\" data-e-type=\"container\" data-settings=\"{&quot;background_background&quot;:&quot;classic&quot;}\">\n\t\t\t\t<div class=\"elementor-element elementor-element-6ae9285 elementor-widget elementor-widget-spacer\" data-id=\"6ae9285\" data-element_type=\"widget\" data-e-type=\"widget\" data-widget_type=\"spacer.default\">\n\t\t\t\t<div class=\"elementor-widget-container\">\n\t\t\t\t\t\t\t<div class=\"elementor-spacer\">\n\t\t\t<div class=\"elementor-spacer-inner\"><\/div>\n\t\t<\/div>\n\t\t\t\t\t\t<\/div>\n\t\t\t\t<\/div>\n\t\t\t\t<\/div>\n\t\t<div class=\"elementor-element elementor-element-79e8f4d e-con-full e-flex e-con e-child\" data-id=\"79e8f4d\" data-element_type=\"container\" data-e-type=\"container\">\n\t\t\t\t<div class=\"elementor-element elementor-element-73b99ac elementor-widget elementor-widget-heading\" data-id=\"73b99ac\" data-element_type=\"widget\" data-e-type=\"widget\" data-widget_type=\"heading.default\">\n\t\t\t\t<div class=\"elementor-widget-container\">\n\t\t\t\t\t<h2 class=\"elementor-heading-title elementor-size-default\">Chargeur via l\u2019alternateur<\/h2>\t\t\t\t<\/div>\n\t\t\t\t<\/div>\n\t\t\t\t<div class=\"elementor-element elementor-element-a54e3b5 elementor-widget elementor-widget-text-editor\" data-id=\"a54e3b5\" data-element_type=\"widget\" data-e-type=\"widget\" data-widget_type=\"text-editor.default\">\n\t\t\t\t<div class=\"elementor-widget-container\">\n\t\t\t\t\t\t\t\t\t<p>Rechargez en roulant sans risquer la batterie moteur. Les <strong data-start=\"1769\" data-end=\"1796\">chargeurs DC-DC\/booster<\/strong> pilotent une charge id\u00e9ale (AGM ou LiFePO\u2084), compatibles <strong data-start=\"1854\" data-end=\"1877\">Euro 6 \/ Start-Stop<\/strong>.<br \/><br \/><strong data-start=\"1881\" data-end=\"1899\">Installation :<\/strong> c\u00e2blage prot\u00e9g\u00e9, coupe-circuits, relais adapt\u00e9s, param\u00e9trage des courbes de charge et test dynamique.<\/p>\t\t\t\t\t\t\t\t<\/div>\n\t\t\t\t<\/div>\n\t\t<div class=\"elementor-element elementor-element-69ce217 e-con-full e-flex e-con e-child\" data-id=\"69ce217\" data-element_type=\"container\" data-e-type=\"container\">\n\t\t\t\t<div class=\"elementor-element elementor-element-46285d1 elementor-widget elementor-widget-button\" data-id=\"46285d1\" data-element_type=\"widget\" data-e-type=\"widget\" data-widget_type=\"button.default\">\n\t\t\t\t<div class=\"elementor-widget-container\">\n\t\t\t\t\t\t\t\t\t<div class=\"elementor-button-wrapper\">\n\t\t\t\t\t<a class=\"elementor-button elementor-button-link elementor-size-sm\" href=\"https:\/\/g.co\/kgs\/3ViW8or\">\n\t\t\t\t\t\t<span class=\"elementor-button-content-wrapper\">\n\t\t\t\t\t\t\t\t\t<span class=\"elementor-button-text\">Demander un devis<\/span>\n\t\t\t\t\t<\/span>\n\t\t\t\t\t<\/a>\n\t\t\t\t<\/div>\n\t\t\t\t\t\t\t\t<\/div>\n\t\t\t\t<\/div>\n\t\t\t\t<\/div>\n\t\t\t\t<\/div>\n\t\t\t\t\t<\/div>\n\t\t\t\t<\/div>\n\t\t\t\t<\/div>\n\t\t","protected":false},"excerpt":{"rendered":"<p>Autonomie Electrique Camping Car &#8211; Vans &#8211; Fourgons Panneaux solaires Batteries Lithium \/ AGM Chargeur 220V &#038;Convertisseurs Chargeur via l&rsquo;alternateur Pose de panneaux solaires Passez en mode off-grid en toute s\u00e9r\u00e9nit\u00e9. Nous dimensionnons votre kit selon votre usage (\u00e9t\u00e9\/hiver, t\u00e9l\u00e9travail, frigo, chauffage GO), puis nous posons des panneaux haut rendement avec r\u00e9gulateur MPPT, passages de [&hellip;]<\/p>\n","protected":false},"author":2,"featured_media":0,"parent":680,"menu_order":0,"comment_status":"closed","ping_status":"closed","template":"","meta":{"footnotes":""},"class_list":["post-2518","page","type-page","status-publish","hentry"],"jetpack_sharing_enabled":true,"_links":{"self":[{"href":"https:\/\/campervanservice.fr\/en\/wp-json\/wp\/v2\/pages\/2518","targetHints":{"allow":["GET"]}}],"collection":[{"href":"https:\/\/campervanservice.fr\/en\/wp-json\/wp\/v2\/pages"}],"about":[{"href":"https:\/\/campervanservice.fr\/en\/wp-json\/wp\/v2\/types\/page"}],"author":[{"embeddable":true,"href":"https:\/\/campervanservice.fr\/en\/wp-json\/wp\/v2\/users\/2"}],"replies":[{"embeddable":true,"href":"https:\/\/campervanservice.fr\/en\/wp-json\/wp\/v2\/comments?post=2518"}],"version-history":[{"count":35,"href":"https:\/\/campervanservice.fr\/en\/wp-json\/wp\/v2\/pages\/2518\/revisions"}],"predecessor-version":[{"id":2908,"href":"https:\/\/campervanservice.fr\/en\/wp-json\/wp\/v2\/pages\/2518\/revisions\/2908"}],"up":[{"embeddable":true,"href":"https:\/\/campervanservice.fr\/en\/wp-json\/wp\/v2\/pages\/680"}],"wp:attachment":[{"href":"https:\/\/campervanservice.fr\/en\/wp-json\/wp\/v2\/media?parent=2518"}],"curies":[{"name":"wp","href":"https:\/\/api.w.org\/{rel}","templated":true}]}}