{"id":1807,"date":"2024-05-20T10:13:10","date_gmt":"2024-05-20T09:13:10","guid":{"rendered":"https:\/\/campervanservice.fr\/?page_id=1807"},"modified":"2025-12-15T13:05:52","modified_gmt":"2025-12-15T12:05:52","slug":"diagnostique-entretien","status":"publish","type":"page","link":"https:\/\/campervanservice.fr\/de\/diagnostique-entretien\/","title":{"rendered":"Diagnose &amp; Pflege"},"content":{"rendered":"<div data-elementor-type=\"wp-page\" data-elementor-id=\"1807\" class=\"elementor elementor-1807\" data-elementor-post-type=\"page\">\n\t\t\t\t<div class=\"elementor-element elementor-element-cbf8360 e-flex e-con-boxed e-con e-parent\" data-id=\"cbf8360\" data-element_type=\"container\" data-e-type=\"container\" data-settings=\"{&quot;background_background&quot;:&quot;classic&quot;}\">\n\t\t\t\t\t<div class=\"e-con-inner\">\n\t\t\t\t<div class=\"elementor-element elementor-element-b967a6c elementor-widget elementor-widget-heading\" data-id=\"b967a6c\" data-element_type=\"widget\" data-e-type=\"widget\" data-widget_type=\"heading.default\">\n\t\t\t\t<div class=\"elementor-widget-container\">\n\t\t\t\t\t<h1 class=\"elementor-heading-title elementor-size-default\">Fehlerbehebung &amp; Wartung Ihres <br>Wohnmobil, Van oder Kastenwagen<\/h1>\t\t\t\t<\/div>\n\t\t\t\t<\/div>\n\t\t\t\t\t<\/div>\n\t\t\t\t<\/div>\n\t\t<div class=\"elementor-element elementor-element-ecbc348 e-grid e-con-boxed e-con e-parent\" data-id=\"ecbc348\" data-element_type=\"container\" data-e-type=\"container\">\n\t\t\t\t\t<div class=\"e-con-inner\">\n\t\t\t\t<div class=\"elementor-element elementor-element-a32c206 elementor-widget-mobile__width-initial elementor-position-top elementor-widget elementor-widget-image-box\" data-id=\"a32c206\" data-element_type=\"widget\" data-e-type=\"widget\" data-widget_type=\"image-box.default\">\n\t\t\t\t<div class=\"elementor-widget-container\">\n\t\t\t\t\t<div class=\"elementor-image-box-wrapper\"><figure class=\"elementor-image-box-img\"><a href=\"https:\/\/campervanservice.fr\/de\/services\/installation-electrique\/\" tabindex=\"-1\"><img fetchpriority=\"high\" decoding=\"async\" width=\"256\" height=\"256\" src=\"https:\/\/campervanservice.fr\/wp-content\/uploads\/2024\/09\/chargeur-rapide.png\" class=\"attachment-full size-full wp-image-2079\" alt=\"\" srcset=\"https:\/\/campervanservice.fr\/wp-content\/uploads\/2024\/09\/chargeur-rapide.png 256w, https:\/\/campervanservice.fr\/wp-content\/uploads\/2024\/09\/chargeur-rapide-150x150.png 150w\" sizes=\"(max-width: 256px) 100vw, 256px\" \/><\/a><\/figure><div class=\"elementor-image-box-content\"><h3 class=\"elementor-image-box-title\"><a href=\"https:\/\/campervanservice.fr\/de\/services\/installation-electrique\/\">Elektrische Diagnostik<\/a><\/h3><\/div><\/div>\t\t\t\t<\/div>\n\t\t\t\t<\/div>\n\t\t\t\t<div class=\"elementor-element elementor-element-5b18822 elementor-widget-mobile__width-initial elementor-position-top elementor-widget elementor-widget-image-box\" data-id=\"5b18822\" data-element_type=\"widget\" data-e-type=\"widget\" data-widget_type=\"image-box.default\">\n\t\t\t\t<div class=\"elementor-widget-container\">\n\t\t\t\t\t<div class=\"elementor-image-box-wrapper\"><figure class=\"elementor-image-box-img\"><a href=\"https:\/\/campervanservice.fr\/de\/services\/amenagement-equipements-pieces-detachees\/pose-de-frigo-revision-annuelle\/\" tabindex=\"-1\"><img decoding=\"async\" width=\"256\" height=\"256\" src=\"https:\/\/campervanservice.fr\/wp-content\/uploads\/2024\/09\/frigo.png\" class=\"attachment-full size-full wp-image-2041\" alt=\"\" srcset=\"https:\/\/campervanservice.fr\/wp-content\/uploads\/2024\/09\/frigo.png 256w, https:\/\/campervanservice.fr\/wp-content\/uploads\/2024\/09\/frigo-150x150.png 150w\" sizes=\"(max-width: 256px) 100vw, 256px\" \/><\/a><\/figure><div class=\"elementor-image-box-content\"><h3 class=\"elementor-image-box-title\"><a href=\"https:\/\/campervanservice.fr\/de\/services\/amenagement-equipements-pieces-detachees\/pose-de-frigo-revision-annuelle\/\">Pannenhilfe K\u00fchlschrank Wohnmobil<\/a><\/h3><\/div><\/div>\t\t\t\t<\/div>\n\t\t\t\t<\/div>\n\t\t\t\t<div class=\"elementor-element elementor-element-2f5c4fa elementor-widget-mobile__width-initial elementor-position-top elementor-widget elementor-widget-image-box\" data-id=\"2f5c4fa\" data-element_type=\"widget\" data-e-type=\"widget\" data-widget_type=\"image-box.default\">\n\t\t\t\t<div class=\"elementor-widget-container\">\n\t\t\t\t\t<div class=\"elementor-image-box-wrapper\"><figure class=\"elementor-image-box-img\"><a href=\"https:\/\/campervanservice.fr\/de\/nos-packs\/pack-etancheite-pour-le-camping-car\/\" tabindex=\"-1\"><img decoding=\"async\" width=\"512\" height=\"512\" src=\"https:\/\/campervanservice.fr\/wp-content\/uploads\/2024\/08\/goutte-deau-1.png\" class=\"attachment-full size-full wp-image-1985\" alt=\"\" srcset=\"https:\/\/campervanservice.fr\/wp-content\/uploads\/2024\/08\/goutte-deau-1.png 512w, https:\/\/campervanservice.fr\/wp-content\/uploads\/2024\/08\/goutte-deau-1-300x300.png 300w, https:\/\/campervanservice.fr\/wp-content\/uploads\/2024\/08\/goutte-deau-1-150x150.png 150w\" sizes=\"(max-width: 512px) 100vw, 512px\" \/><\/a><\/figure><div class=\"elementor-image-box-content\"><h3 class=\"elementor-image-box-title\"><a href=\"https:\/\/campervanservice.fr\/de\/nos-packs\/pack-etancheite-pour-le-camping-car\/\">Suche nach Lecks etc.<\/a><\/h3><\/div><\/div>\t\t\t\t<\/div>\n\t\t\t\t<\/div>\n\t\t\t\t<div class=\"elementor-element elementor-element-f171750 elementor-widget-mobile__width-initial elementor-position-top elementor-widget elementor-widget-image-box\" data-id=\"f171750\" data-element_type=\"widget\" data-e-type=\"widget\" data-widget_type=\"image-box.default\">\n\t\t\t\t<div class=\"elementor-widget-container\">\n\t\t\t\t\t<div class=\"elementor-image-box-wrapper\"><figure class=\"elementor-image-box-img\"><a href=\"https:\/\/campervanservice.fr\/de\/services\/amenagement-equipements-pieces-detachees\/chauffage-chauffe-eau\/\" tabindex=\"-1\"><img loading=\"lazy\" decoding=\"async\" width=\"256\" height=\"256\" src=\"https:\/\/campervanservice.fr\/wp-content\/uploads\/2024\/09\/flamme.png\" class=\"attachment-full size-full wp-image-2055\" alt=\"\" srcset=\"https:\/\/campervanservice.fr\/wp-content\/uploads\/2024\/09\/flamme.png 256w, https:\/\/campervanservice.fr\/wp-content\/uploads\/2024\/09\/flamme-150x150.png 150w\" sizes=\"(max-width: 256px) 100vw, 256px\" \/><\/a><\/figure><div class=\"elementor-image-box-content\"><h3 class=\"elementor-image-box-title\"><a href=\"https:\/\/campervanservice.fr\/de\/services\/amenagement-equipements-pieces-detachees\/chauffage-chauffe-eau\/\">Heizung &amp; Warmwasserbereiter<\/a><\/h3><\/div><\/div>\t\t\t\t<\/div>\n\t\t\t\t<\/div>\n\t\t\t\t\t<\/div>\n\t\t\t\t<\/div>\n\t\t<div class=\"elementor-element elementor-element-b7fa610 e-flex e-con-boxed e-con e-parent\" data-id=\"b7fa610\" data-element_type=\"container\" data-e-type=\"container\">\n\t\t\t\t\t<div class=\"e-con-inner\">\n\t\t\t\t<div class=\"elementor-element elementor-element-c568ddf elementor-widget elementor-widget-text-editor\" data-id=\"c568ddf\" data-element_type=\"widget\" data-e-type=\"widget\" data-widget_type=\"text-editor.default\">\n\t\t\t\t<div class=\"elementor-widget-container\">\n\t\t\t\t\t\t\t\t\t<p>Die regelm\u00e4\u00dfige Diagnose und Wartung Ihres Freizeitfahrzeugs ist wichtig, um Ihre Sicherheit zu gew\u00e4hrleisten und die Lebensdauer der Ausr\u00fcstung zu verl\u00e4ngern.<\/p><p>Bei Camper Van Service bieten wir umfassende Diagnose- und Wartungsdienste f\u00fcr alle Arten von Freizeitfahrzeugen an. Wir sind mit allen Werkzeugen und dem n\u00f6tigen Fachwissen ausgestattet, um Probleme mit Ihrem Fahrzeug schnell und effizient zu diagnostizieren.<\/p>\t\t\t\t\t\t\t\t<\/div>\n\t\t\t\t<\/div>\n\t\t\t\t<div class=\"elementor-element elementor-element-e0c572b elementor-widget elementor-widget-button\" data-id=\"e0c572b\" data-element_type=\"widget\" data-e-type=\"widget\" data-widget_type=\"button.default\">\n\t\t\t\t<div class=\"elementor-widget-container\">\n\t\t\t\t\t\t\t\t\t<div class=\"elementor-button-wrapper\">\n\t\t\t\t\t<a class=\"elementor-button elementor-button-link elementor-size-sm\" href=\"https:\/\/campervanservice.fr\/de\/contact\/\">\n\t\t\t\t\t\t<span class=\"elementor-button-content-wrapper\">\n\t\t\t\t\t\t<span class=\"elementor-button-icon\">\n\t\t\t\t<svg aria-hidden=\"true\" class=\"e-font-icon-svg e-far-calendar-check\" viewbox=\"0 0 448 512\" xmlns=\"http:\/\/www.w3.org\/2000\/svg\"><path d=\"M400 64h-48V12c0-6.627-5.373-12-12-12h-40c-6.627 0-12 5.373-12 12v52H160V12c0-6.627-5.373-12-12-12h-40c-6.627 0-12 5.373-12 12v52H48C21.49 64 0 85.49 0 112v352c0 26.51 21.49 48 48 48h352c26.51 0 48-21.49 48-48V112c0-26.51-21.49-48-48-48zm-6 400H54a6 6 0 0 1-6-6V160h352v298a6 6 0 0 1-6 6zm-52.849-200.65L198.842 404.519c-4.705 4.667-12.303 4.637-16.971-.068l-75.091-75.699c-4.667-4.705-4.637-12.303.068-16.971l22.719-22.536c4.705-4.667 12.303-4.637 16.97.069l44.104 44.461 111.072-110.181c4.705-4.667 12.303-4.637 16.971.068l22.536 22.718c4.667 4.705 4.636 12.303-.069 16.97z\"><\/path><\/svg>\t\t\t<\/span>\n\t\t\t\t\t\t\t\t\t<span class=\"elementor-button-text\">RDV vereinbaren <\/span>\n\t\t\t\t\t<\/span>\n\t\t\t\t\t<\/a>\n\t\t\t\t<\/div>\n\t\t\t\t\t\t\t\t<\/div>\n\t\t\t\t<\/div>\n\t\t\t\t\t<\/div>\n\t\t\t\t<\/div>\n\t\t<div class=\"elementor-element elementor-element-18b7f82 e-flex e-con-boxed e-con e-parent\" data-id=\"18b7f82\" data-element_type=\"container\" data-e-type=\"container\" data-settings=\"{&quot;background_background&quot;:&quot;classic&quot;}\">\n\t\t\t\t\t<div class=\"e-con-inner\">\n\t\t<div class=\"elementor-element elementor-element-15395cc e-con-full e-flex e-con e-child\" data-id=\"15395cc\" data-element_type=\"container\" data-e-type=\"container\">\n\t\t\t\t<div class=\"elementor-element elementor-element-ba96016 elementor-widget elementor-widget-image\" data-id=\"ba96016\" data-element_type=\"widget\" data-e-type=\"widget\" data-widget_type=\"image.default\">\n\t\t\t\t<div class=\"elementor-widget-container\">\n\t\t\t\t\t\t\t\t\t\t\t\t\t\t\t<img loading=\"lazy\" decoding=\"async\" width=\"768\" height=\"1024\" src=\"https:\/\/campervanservice.fr\/wp-content\/uploads\/2025\/06\/WhatsApp-Image-2025-06-02-at-10.37.04-768x1024.jpeg\" class=\"attachment-large size-large wp-image-2336\" alt=\"\" srcset=\"https:\/\/campervanservice.fr\/wp-content\/uploads\/2025\/06\/WhatsApp-Image-2025-06-02-at-10.37.04-768x1024.jpeg 768w, https:\/\/campervanservice.fr\/wp-content\/uploads\/2025\/06\/WhatsApp-Image-2025-06-02-at-10.37.04-225x300.jpeg 225w, https:\/\/campervanservice.fr\/wp-content\/uploads\/2025\/06\/WhatsApp-Image-2025-06-02-at-10.37.04-1152x1536.jpeg 1152w, https:\/\/campervanservice.fr\/wp-content\/uploads\/2025\/06\/WhatsApp-Image-2025-06-02-at-10.37.04.jpeg 1200w\" sizes=\"(max-width: 768px) 100vw, 768px\" \/>\t\t\t\t\t\t\t\t\t\t\t\t\t\t\t<\/div>\n\t\t\t\t<\/div>\n\t\t\t\t<\/div>\n\t\t<div class=\"elementor-element elementor-element-6073ed9 e-con-full e-flex e-con e-child\" data-id=\"6073ed9\" data-element_type=\"container\" data-e-type=\"container\">\n\t\t<div class=\"elementor-element elementor-element-e3c25e7 e-flex e-con-boxed e-con e-child\" data-id=\"e3c25e7\" data-element_type=\"container\" data-e-type=\"container\">\n\t\t\t\t\t<div class=\"e-con-inner\">\n\t\t\t\t<div class=\"elementor-element elementor-element-cc11c29 elementor-widget elementor-widget-heading\" data-id=\"cc11c29\" data-element_type=\"widget\" data-e-type=\"widget\" data-widget_type=\"heading.default\">\n\t\t\t\t<div class=\"elementor-widget-container\">\n\t\t\t\t\t<h2 class=\"elementor-heading-title elementor-size-default\">Elektrische Diagnose f\u00fcr Lieferwagen, Kastenwagen und Wohnmobile.<\/h2>\t\t\t\t<\/div>\n\t\t\t\t<\/div>\n\t\t\t\t\t<\/div>\n\t\t\t\t<\/div>\n\t\t\t\t<div class=\"elementor-element elementor-element-d9d451e elementor-widget elementor-widget-text-editor\" data-id=\"d9d451e\" data-element_type=\"widget\" data-e-type=\"widget\" data-widget_type=\"text-editor.default\">\n\t\t\t\t<div class=\"elementor-widget-container\">\n\t\t\t\t\t\t\t\t\t<p>Wir bieten einen umfassenden Diagnoseservice an, um die Ursache eines elektrischen Problems schnell zu ermitteln, egal ob es sich um Solarmodule, Hilfsbatterien, Solarregler oder Trennkupplungen handelt.<\/p><p>Sobald das Problem erkannt wurde, f\u00fchrt unser Expertenteam die Reparatur durch. Wir verwenden f\u00fcr alle unsere Reparaturen hochwertige Teile, um die Haltbarkeit und Effizienz Ihres elektrischen Systems zu gew\u00e4hrleisten.<\/p><p>Wenn Sie Probleme mit der Elektrik Ihres Lieferwagens, Kastenwagens oder Wohnmobils haben, wenden Sie sich bitte an uns, um eine Diagnose zu erhalten. Fordern Sie jetzt ein Angebot an\u00a0<\/p>\t\t\t\t\t\t\t\t<\/div>\n\t\t\t\t<\/div>\n\t\t\t\t<div class=\"elementor-element elementor-element-0283102 elementor-widget elementor-widget-button\" data-id=\"0283102\" data-element_type=\"widget\" data-e-type=\"widget\" data-widget_type=\"button.default\">\n\t\t\t\t<div class=\"elementor-widget-container\">\n\t\t\t\t\t\t\t\t\t<div class=\"elementor-button-wrapper\">\n\t\t\t\t\t<a class=\"elementor-button elementor-button-link elementor-size-sm\" href=\"https:\/\/campervanservice.fr\/de\/contact\/\">\n\t\t\t\t\t\t<span class=\"elementor-button-content-wrapper\">\n\t\t\t\t\t\t<span class=\"elementor-button-icon\">\n\t\t\t\t<svg aria-hidden=\"true\" class=\"e-font-icon-svg e-far-calendar-check\" viewbox=\"0 0 448 512\" xmlns=\"http:\/\/www.w3.org\/2000\/svg\"><path d=\"M400 64h-48V12c0-6.627-5.373-12-12-12h-40c-6.627 0-12 5.373-12 12v52H160V12c0-6.627-5.373-12-12-12h-40c-6.627 0-12 5.373-12 12v52H48C21.49 64 0 85.49 0 112v352c0 26.51 21.49 48 48 48h352c26.51 0 48-21.49 48-48V112c0-26.51-21.49-48-48-48zm-6 400H54a6 6 0 0 1-6-6V160h352v298a6 6 0 0 1-6 6zm-52.849-200.65L198.842 404.519c-4.705 4.667-12.303 4.637-16.971-.068l-75.091-75.699c-4.667-4.705-4.637-12.303.068-16.971l22.719-22.536c4.705-4.667 12.303-4.637 16.97.069l44.104 44.461 111.072-110.181c4.705-4.667 12.303-4.637 16.971.068l22.536 22.718c4.667 4.705 4.636 12.303-.069 16.97z\"><\/path><\/svg>\t\t\t<\/span>\n\t\t\t\t\t\t\t\t\t<span class=\"elementor-button-text\">RDV vereinbaren <\/span>\n\t\t\t\t\t<\/span>\n\t\t\t\t\t<\/a>\n\t\t\t\t<\/div>\n\t\t\t\t\t\t\t\t<\/div>\n\t\t\t\t<\/div>\n\t\t\t\t<\/div>\n\t\t\t\t\t<\/div>\n\t\t\t\t<\/div>\n\t\t<div class=\"elementor-element elementor-element-a75299a e-flex e-con-boxed e-con e-parent\" data-id=\"a75299a\" data-element_type=\"container\" data-e-type=\"container\">\n\t\t\t\t\t<div class=\"e-con-inner\">\n\t\t<div class=\"elementor-element elementor-element-f7f414f e-con-full e-flex e-con e-child\" data-id=\"f7f414f\" data-element_type=\"container\" data-e-type=\"container\">\n\t\t<div class=\"elementor-element elementor-element-56dc0a0 e-flex e-con-boxed e-con e-child\" data-id=\"56dc0a0\" data-element_type=\"container\" data-e-type=\"container\">\n\t\t\t\t\t<div class=\"e-con-inner\">\n\t\t\t\t<div class=\"elementor-element elementor-element-688337e elementor-widget elementor-widget-heading\" data-id=\"688337e\" data-element_type=\"widget\" data-e-type=\"widget\" data-widget_type=\"heading.default\">\n\t\t\t\t<div class=\"elementor-widget-container\">\n\t\t\t\t\t<h2 class=\"elementor-heading-title elementor-size-default\">K\u00fchlschrank in Ihrem Wohnmobil defekt? Diagnose und Reparatur<\/h2>\t\t\t\t<\/div>\n\t\t\t\t<\/div>\n\t\t\t\t\t<\/div>\n\t\t\t\t<\/div>\n\t\t\t\t<div class=\"elementor-element elementor-element-d4f114e elementor-widget elementor-widget-text-editor\" data-id=\"d4f114e\" data-element_type=\"widget\" data-e-type=\"widget\" data-widget_type=\"text-editor.default\">\n\t\t\t\t<div class=\"elementor-widget-container\">\n\t\t\t\t\t\t\t\t\t<p>Wir bieten einen schnellen Diagnose- und Reparaturservice f\u00fcr alle Arten von Wohnmobilk\u00fchlschr\u00e4nken, einschlie\u00dflich Absorptionsk\u00fchlschr\u00e4nken, oder Kompressionsk\u00fchlschr\u00e4nken.<\/p><p>Wir sind befugt, regelm\u00e4\u00dfige Wartungen an allen Arten von K\u00fchlschr\u00e4nken durchzuf\u00fchren, um Pannen vorzubeugen. Die Wartung Ihres K\u00fchlschranks sollte jedes Jahr \u00fcber unseren <a href=\"https:\/\/campervanservice.fr\/de\/nos-packs\/\">Wartungspaket<\/a>. Wir k\u00f6nnen die Teile f\u00fcr die verschiedenen K\u00fchlschrankmarken schnell beschaffen und die Reparaturen in unserer Werkstatt in Anglet durchf\u00fchren.\u00a0<\/p><p>Wenn die Diagnose ergibt, dass Ersatzteile oder Reparaturen erforderlich sind, und wenn wir die ben\u00f6tigten Teile auf Lager haben, kann unser Team die Reparaturen sofort durchf\u00fchren. Das bedeutet weniger Ausfallzeiten und mehr Seelenfrieden f\u00fcr Sie.<\/p><p><strong>Unser Team kann regelm\u00e4\u00dfige Wartungstermine planen <\/strong>um sicherzustellen, dass Ihr Ger\u00e4t richtig funktioniert, auch wenn es keine offensichtlichen Probleme gibt.<\/p>\t\t\t\t\t\t\t\t<\/div>\n\t\t\t\t<\/div>\n\t\t\t\t<div class=\"elementor-element elementor-element-f01095c elementor-widget elementor-widget-button\" data-id=\"f01095c\" data-element_type=\"widget\" data-e-type=\"widget\" data-widget_type=\"button.default\">\n\t\t\t\t<div class=\"elementor-widget-container\">\n\t\t\t\t\t\t\t\t\t<div class=\"elementor-button-wrapper\">\n\t\t\t\t\t<a class=\"elementor-button elementor-button-link elementor-size-sm\" href=\"https:\/\/campervanservice.fr\/de\/contact\/\">\n\t\t\t\t\t\t<span class=\"elementor-button-content-wrapper\">\n\t\t\t\t\t\t<span class=\"elementor-button-icon\">\n\t\t\t\t<svg aria-hidden=\"true\" class=\"e-font-icon-svg e-far-calendar-check\" viewbox=\"0 0 448 512\" xmlns=\"http:\/\/www.w3.org\/2000\/svg\"><path d=\"M400 64h-48V12c0-6.627-5.373-12-12-12h-40c-6.627 0-12 5.373-12 12v52H160V12c0-6.627-5.373-12-12-12h-40c-6.627 0-12 5.373-12 12v52H48C21.49 64 0 85.49 0 112v352c0 26.51 21.49 48 48 48h352c26.51 0 48-21.49 48-48V112c0-26.51-21.49-48-48-48zm-6 400H54a6 6 0 0 1-6-6V160h352v298a6 6 0 0 1-6 6zm-52.849-200.65L198.842 404.519c-4.705 4.667-12.303 4.637-16.971-.068l-75.091-75.699c-4.667-4.705-4.637-12.303.068-16.971l22.719-22.536c4.705-4.667 12.303-4.637 16.97.069l44.104 44.461 111.072-110.181c4.705-4.667 12.303-4.637 16.971.068l22.536 22.718c4.667 4.705 4.636 12.303-.069 16.97z\"><\/path><\/svg>\t\t\t<\/span>\n\t\t\t\t\t\t\t\t\t<span class=\"elementor-button-text\">RDV vereinbaren <\/span>\n\t\t\t\t\t<\/span>\n\t\t\t\t\t<\/a>\n\t\t\t\t<\/div>\n\t\t\t\t\t\t\t\t<\/div>\n\t\t\t\t<\/div>\n\t\t\t\t<\/div>\n\t\t<div class=\"elementor-element elementor-element-324f1ad e-con-full e-flex e-con e-child\" data-id=\"324f1ad\" data-element_type=\"container\" data-e-type=\"container\">\n\t\t\t\t<div class=\"elementor-element elementor-element-4d545fe elementor-widget elementor-widget-image\" data-id=\"4d545fe\" data-element_type=\"widget\" data-e-type=\"widget\" data-widget_type=\"image.default\">\n\t\t\t\t<div class=\"elementor-widget-container\">\n\t\t\t\t\t\t\t\t\t\t\t\t\t\t\t<img loading=\"lazy\" decoding=\"async\" width=\"800\" height=\"534\" src=\"https:\/\/campervanservice.fr\/wp-content\/uploads\/2023\/03\/DSC06772-1024x683.jpg\" class=\"attachment-large size-large wp-image-1064\" alt=\"\" srcset=\"https:\/\/campervanservice.fr\/wp-content\/uploads\/2023\/03\/DSC06772-1024x683.jpg 1024w, https:\/\/campervanservice.fr\/wp-content\/uploads\/2023\/03\/DSC06772-300x200.jpg 300w, https:\/\/campervanservice.fr\/wp-content\/uploads\/2023\/03\/DSC06772-768x512.jpg 768w, https:\/\/campervanservice.fr\/wp-content\/uploads\/2023\/03\/DSC06772-1536x1024.jpg 1536w, https:\/\/campervanservice.fr\/wp-content\/uploads\/2023\/03\/DSC06772.jpg 2048w\" sizes=\"(max-width: 800px) 100vw, 800px\" \/>\t\t\t\t\t\t\t\t\t\t\t\t\t\t\t<\/div>\n\t\t\t\t<\/div>\n\t\t\t\t<\/div>\n\t\t\t\t\t<\/div>\n\t\t\t\t<\/div>\n\t\t<div class=\"elementor-element elementor-element-19665d8 e-flex e-con-boxed e-con e-parent\" data-id=\"19665d8\" data-element_type=\"container\" data-e-type=\"container\" data-settings=\"{&quot;background_background&quot;:&quot;classic&quot;}\">\n\t\t\t\t\t<div class=\"e-con-inner\">\n\t\t<div class=\"elementor-element elementor-element-f5219a5 e-con-full e-flex e-con e-child\" data-id=\"f5219a5\" data-element_type=\"container\" data-e-type=\"container\">\n\t\t<div class=\"elementor-element elementor-element-39faada e-flex e-con-boxed e-con e-child\" data-id=\"39faada\" data-element_type=\"container\" data-e-type=\"container\">\n\t\t\t\t\t<div class=\"e-con-inner\">\n\t\t\t\t<div class=\"elementor-element elementor-element-725fd46 elementor-widget elementor-widget-heading\" data-id=\"725fd46\" data-element_type=\"widget\" data-e-type=\"widget\" data-widget_type=\"heading.default\">\n\t\t\t\t<div class=\"elementor-widget-container\">\n\t\t\t\t\t<h2 class=\"elementor-heading-title elementor-size-default\">Pumpe, Wasserhahn, Sp\u00fclbecken, Kanalisation... <\/h2>\t\t\t\t<\/div>\n\t\t\t\t<\/div>\n\t\t\t\t\t<\/div>\n\t\t\t\t<\/div>\n\t\t\t\t<div class=\"elementor-element elementor-element-111d1a3 elementor-widget elementor-widget-text-editor\" data-id=\"111d1a3\" data-element_type=\"widget\" data-e-type=\"widget\" data-widget_type=\"text-editor.default\">\n\t\t\t\t<div class=\"elementor-widget-container\">\n\t\t\t\t\t\t\t\t\t<p>Wir bieten eine umfassende Palette an Dienstleistungen f\u00fcr Wasserpumpen an, darunter die Installation neuer Modelle zur Verbesserung Ihres Wassersystems, den Austausch defekter Pumpen zur Wiederherstellung eines optimalen Betriebs und die L\u00f6sung unvorhergesehener Pumpenprobleme auf Reisen. Wir sind Experten f\u00fcr automatische elektrische Pumpen mit 12V oder 24V, Unterwasserpumpen und manuelle Fu\u00dfpumpen.<\/p><p>Wir bieten auch Diagnose- und Reparaturdienste f\u00fcr die Wasserh\u00e4hne und Mischbatterien in Ihrem Wohnmobil an. Wir sind schnell einsatzbereit, um die Ursache von Problemen wie Lecks, Fehlfunktionen oder Verschlei\u00df durch lange Nutzung zu ermitteln. Sollte eine Reparatur erforderlich sein, verf\u00fcgt unser Team \u00fcber das Fachwissen, um diese fachgerecht durchzuf\u00fchren und Ihnen so ein zuverl\u00e4ssiges und langlebiges Armaturensystem zu garantieren.<\/p>\t\t\t\t\t\t\t\t<\/div>\n\t\t\t\t<\/div>\n\t\t\t\t<div class=\"elementor-element elementor-element-861bf3c elementor-widget elementor-widget-button\" data-id=\"861bf3c\" data-element_type=\"widget\" data-e-type=\"widget\" data-widget_type=\"button.default\">\n\t\t\t\t<div class=\"elementor-widget-container\">\n\t\t\t\t\t\t\t\t\t<div class=\"elementor-button-wrapper\">\n\t\t\t\t\t<a class=\"elementor-button elementor-button-link elementor-size-sm\" href=\"https:\/\/campervanservice.fr\/de\/contact\/\">\n\t\t\t\t\t\t<span class=\"elementor-button-content-wrapper\">\n\t\t\t\t\t\t<span class=\"elementor-button-icon\">\n\t\t\t\t<svg aria-hidden=\"true\" class=\"e-font-icon-svg e-far-calendar-check\" viewbox=\"0 0 448 512\" xmlns=\"http:\/\/www.w3.org\/2000\/svg\"><path d=\"M400 64h-48V12c0-6.627-5.373-12-12-12h-40c-6.627 0-12 5.373-12 12v52H160V12c0-6.627-5.373-12-12-12h-40c-6.627 0-12 5.373-12 12v52H48C21.49 64 0 85.49 0 112v352c0 26.51 21.49 48 48 48h352c26.51 0 48-21.49 48-48V112c0-26.51-21.49-48-48-48zm-6 400H54a6 6 0 0 1-6-6V160h352v298a6 6 0 0 1-6 6zm-52.849-200.65L198.842 404.519c-4.705 4.667-12.303 4.637-16.971-.068l-75.091-75.699c-4.667-4.705-4.637-12.303.068-16.971l22.719-22.536c4.705-4.667 12.303-4.637 16.97.069l44.104 44.461 111.072-110.181c4.705-4.667 12.303-4.637 16.971.068l22.536 22.718c4.667 4.705 4.636 12.303-.069 16.97z\"><\/path><\/svg>\t\t\t<\/span>\n\t\t\t\t\t\t\t\t\t<span class=\"elementor-button-text\">RDV vereinbaren <\/span>\n\t\t\t\t\t<\/span>\n\t\t\t\t\t<\/a>\n\t\t\t\t<\/div>\n\t\t\t\t\t\t\t\t<\/div>\n\t\t\t\t<\/div>\n\t\t\t\t<\/div>\n\t\t<div class=\"elementor-element elementor-element-427731a e-con-full e-flex e-con e-child\" data-id=\"427731a\" data-element_type=\"container\" data-e-type=\"container\">\n\t\t\t\t<div class=\"elementor-element elementor-element-cf6f081 elementor-widget elementor-widget-image\" data-id=\"cf6f081\" data-element_type=\"widget\" data-e-type=\"widget\" data-widget_type=\"image.default\">\n\t\t\t\t<div class=\"elementor-widget-container\">\n\t\t\t\t\t\t\t\t\t\t\t\t\t\t\t<img loading=\"lazy\" decoding=\"async\" width=\"683\" height=\"1024\" src=\"https:\/\/campervanservice.fr\/wp-content\/uploads\/2025\/06\/WhatsApp-Image-2025-06-02-at-10.36.23-4-683x1024.jpeg\" class=\"attachment-large size-large wp-image-2346\" alt=\"\" srcset=\"https:\/\/campervanservice.fr\/wp-content\/uploads\/2025\/06\/WhatsApp-Image-2025-06-02-at-10.36.23-4-683x1024.jpeg 683w, https:\/\/campervanservice.fr\/wp-content\/uploads\/2025\/06\/WhatsApp-Image-2025-06-02-at-10.36.23-4-200x300.jpeg 200w, https:\/\/campervanservice.fr\/wp-content\/uploads\/2025\/06\/WhatsApp-Image-2025-06-02-at-10.36.23-4-768x1152.jpeg 768w, https:\/\/campervanservice.fr\/wp-content\/uploads\/2025\/06\/WhatsApp-Image-2025-06-02-at-10.36.23-4-1024x1536.jpeg 1024w, https:\/\/campervanservice.fr\/wp-content\/uploads\/2025\/06\/WhatsApp-Image-2025-06-02-at-10.36.23-4.jpeg 1066w\" sizes=\"(max-width: 683px) 100vw, 683px\" \/>\t\t\t\t\t\t\t\t\t\t\t\t\t\t\t<\/div>\n\t\t\t\t<\/div>\n\t\t\t\t<\/div>\n\t\t\t\t\t<\/div>\n\t\t\t\t<\/div>\n\t\t<div class=\"elementor-element elementor-element-2acb768 e-flex e-con-boxed e-con e-parent\" data-id=\"2acb768\" data-element_type=\"container\" data-e-type=\"container\" data-settings=\"{&quot;background_background&quot;:&quot;classic&quot;}\">\n\t\t\t\t\t<div class=\"e-con-inner\">\n\t\t<div class=\"elementor-element elementor-element-9694aff e-con-full e-flex e-con e-child\" data-id=\"9694aff\" data-element_type=\"container\" data-e-type=\"container\">\n\t\t\t\t<div class=\"elementor-element elementor-element-05042c8 elementor-widget elementor-widget-image\" data-id=\"05042c8\" data-element_type=\"widget\" data-e-type=\"widget\" data-widget_type=\"image.default\">\n\t\t\t\t<div class=\"elementor-widget-container\">\n\t\t\t\t\t\t\t\t\t\t\t\t\t\t\t<img loading=\"lazy\" decoding=\"async\" width=\"768\" height=\"1024\" src=\"https:\/\/campervanservice.fr\/wp-content\/uploads\/2025\/06\/WhatsApp-Image-2025-06-02-at-10.37.22-768x1024.jpeg\" class=\"attachment-large size-large wp-image-2335\" alt=\"\" srcset=\"https:\/\/campervanservice.fr\/wp-content\/uploads\/2025\/06\/WhatsApp-Image-2025-06-02-at-10.37.22-768x1024.jpeg 768w, https:\/\/campervanservice.fr\/wp-content\/uploads\/2025\/06\/WhatsApp-Image-2025-06-02-at-10.37.22-225x300.jpeg 225w, https:\/\/campervanservice.fr\/wp-content\/uploads\/2025\/06\/WhatsApp-Image-2025-06-02-at-10.37.22-1152x1536.jpeg 1152w, https:\/\/campervanservice.fr\/wp-content\/uploads\/2025\/06\/WhatsApp-Image-2025-06-02-at-10.37.22.jpeg 1200w\" sizes=\"(max-width: 768px) 100vw, 768px\" \/>\t\t\t\t\t\t\t\t\t\t\t\t\t\t\t<\/div>\n\t\t\t\t<\/div>\n\t\t\t\t<\/div>\n\t\t<div class=\"elementor-element elementor-element-ebfe23f e-con-full e-flex e-con e-child\" data-id=\"ebfe23f\" data-element_type=\"container\" data-e-type=\"container\">\n\t\t<div class=\"elementor-element elementor-element-1df197b e-flex e-con-boxed e-con e-child\" data-id=\"1df197b\" data-element_type=\"container\" data-e-type=\"container\">\n\t\t\t\t\t<div class=\"e-con-inner\">\n\t\t\t\t<div class=\"elementor-element elementor-element-1af0a6a elementor-widget elementor-widget-heading\" data-id=\"1af0a6a\" data-element_type=\"widget\" data-e-type=\"widget\" data-widget_type=\"heading.default\">\n\t\t\t\t<div class=\"elementor-widget-container\">\n\t\t\t\t\t<h2 class=\"elementor-heading-title elementor-size-default\">Heizung &amp; Warmwasserbereiter<\/h2>\t\t\t\t<\/div>\n\t\t\t\t<\/div>\n\t\t\t\t\t<\/div>\n\t\t\t\t<\/div>\n\t\t\t\t<div class=\"elementor-element elementor-element-b91b9e1 elementor-widget elementor-widget-text-editor\" data-id=\"b91b9e1\" data-element_type=\"widget\" data-e-type=\"widget\" data-widget_type=\"text-editor.default\">\n\t\t\t\t<div class=\"elementor-widget-container\">\n\t\t\t\t\t\t\t\t\t<p>Diagnose, Reparatur und Fehlerbehebung von Heizsystemen und Warmwasserbereitern f\u00fcr Wohnmobile, umgebaute Kastenwagen und andere Freizeitfahrzeuge.<\/p><p>Wenn Sie Probleme mit Ihrem Heizungs- oder Warmwassersystem haben, kann unser qualifiziertes Team eine gr\u00fcndliche Diagnose durchf\u00fchren, um die Ursache des Problems zu ermitteln. Wir sind mit den renommiertesten Marken auf dem Markt vertraut und k\u00f6nnen alle Arten von Systemen reparieren.<\/p>\t\t\t\t\t\t\t\t<\/div>\n\t\t\t\t<\/div>\n\t\t\t\t<div class=\"elementor-element elementor-element-429f9d5 elementor-widget elementor-widget-button\" data-id=\"429f9d5\" data-element_type=\"widget\" data-e-type=\"widget\" data-widget_type=\"button.default\">\n\t\t\t\t<div class=\"elementor-widget-container\">\n\t\t\t\t\t\t\t\t\t<div class=\"elementor-button-wrapper\">\n\t\t\t\t\t<a class=\"elementor-button elementor-button-link elementor-size-sm\" href=\"https:\/\/campervanservice.fr\/de\/contact\/\">\n\t\t\t\t\t\t<span class=\"elementor-button-content-wrapper\">\n\t\t\t\t\t\t<span class=\"elementor-button-icon\">\n\t\t\t\t<svg aria-hidden=\"true\" class=\"e-font-icon-svg e-far-calendar-check\" viewbox=\"0 0 448 512\" xmlns=\"http:\/\/www.w3.org\/2000\/svg\"><path d=\"M400 64h-48V12c0-6.627-5.373-12-12-12h-40c-6.627 0-12 5.373-12 12v52H160V12c0-6.627-5.373-12-12-12h-40c-6.627 0-12 5.373-12 12v52H48C21.49 64 0 85.49 0 112v352c0 26.51 21.49 48 48 48h352c26.51 0 48-21.49 48-48V112c0-26.51-21.49-48-48-48zm-6 400H54a6 6 0 0 1-6-6V160h352v298a6 6 0 0 1-6 6zm-52.849-200.65L198.842 404.519c-4.705 4.667-12.303 4.637-16.971-.068l-75.091-75.699c-4.667-4.705-4.637-12.303.068-16.971l22.719-22.536c4.705-4.667 12.303-4.637 16.97.069l44.104 44.461 111.072-110.181c4.705-4.667 12.303-4.637 16.971.068l22.536 22.718c4.667 4.705 4.636 12.303-.069 16.97z\"><\/path><\/svg>\t\t\t<\/span>\n\t\t\t\t\t\t\t\t\t<span class=\"elementor-button-text\">RDV vereinbaren <\/span>\n\t\t\t\t\t<\/span>\n\t\t\t\t\t<\/a>\n\t\t\t\t<\/div>\n\t\t\t\t\t\t\t\t<\/div>\n\t\t\t\t<\/div>\n\t\t\t\t<\/div>\n\t\t\t\t\t<\/div>\n\t\t\t\t<\/div>\n\t\t\t\t<\/div>","protected":false},"excerpt":{"rendered":"<p>D\u00e9pannage &amp; Entretien de votre camping-car, van ou fourgon Diagnostique \u00e9l\u00e9ctrique D\u00e9pannage frigo camping-car Recherche de fuite etc&#8230; Chauffage &amp; Chauffe-eau Le diagnostic et l\u2019entretien r\u00e9gulier de votre v\u00e9hicule de loisirs sont essentiels pour garantir votre s\u00e9curit\u00e9 et pour prolonger la dur\u00e9e de vie de vos \u00e9quipements Chez Camper Van Service, nous proposons des services [&hellip;]<\/p>\n","protected":false},"author":2,"featured_media":0,"parent":0,"menu_order":0,"comment_status":"closed","ping_status":"closed","template":"","meta":{"footnotes":""},"class_list":["post-1807","page","type-page","status-publish","hentry"],"jetpack_sharing_enabled":true,"_links":{"self":[{"href":"https:\/\/campervanservice.fr\/de\/wp-json\/wp\/v2\/pages\/1807","targetHints":{"allow":["GET"]}}],"collection":[{"href":"https:\/\/campervanservice.fr\/de\/wp-json\/wp\/v2\/pages"}],"about":[{"href":"https:\/\/campervanservice.fr\/de\/wp-json\/wp\/v2\/types\/page"}],"author":[{"embeddable":true,"href":"https:\/\/campervanservice.fr\/de\/wp-json\/wp\/v2\/users\/2"}],"replies":[{"embeddable":true,"href":"https:\/\/campervanservice.fr\/de\/wp-json\/wp\/v2\/comments?post=1807"}],"version-history":[{"count":52,"href":"https:\/\/campervanservice.fr\/de\/wp-json\/wp\/v2\/pages\/1807\/revisions"}],"predecessor-version":[{"id":3327,"href":"https:\/\/campervanservice.fr\/de\/wp-json\/wp\/v2\/pages\/1807\/revisions\/3327"}],"wp:attachment":[{"href":"https:\/\/campervanservice.fr\/de\/wp-json\/wp\/v2\/media?parent=1807"}],"curies":[{"name":"wp","href":"https:\/\/api.w.org\/{rel}","templated":true}]}}