{"id":1156,"date":"2023-09-26T14:53:17","date_gmt":"2023-09-26T13:53:17","guid":{"rendered":"https:\/\/campervanservice.fr\/?page_id=1156"},"modified":"2025-09-19T11:25:29","modified_gmt":"2025-09-19T10:25:29","slug":"amenagement-equipements-pieces-detachees","status":"publish","type":"page","link":"https:\/\/campervanservice.fr\/de\/services\/amenagement-equipements-pieces-detachees\/","title":{"rendered":"Am\u00e9nagement, \u00e9quipements &amp; pi\u00e8ces d\u00e9tach\u00e9es"},"content":{"rendered":"<div data-elementor-type=\"wp-page\" data-elementor-id=\"1156\" class=\"elementor elementor-1156\" data-elementor-post-type=\"page\">\n\t\t\t\t<div class=\"elementor-element elementor-element-f68e0ac e-flex e-con-boxed e-con e-parent\" data-id=\"f68e0ac\" data-element_type=\"container\" data-e-type=\"container\" data-settings=\"{&quot;background_background&quot;:&quot;classic&quot;}\">\n\t\t\t\t\t<div class=\"e-con-inner\">\n\t\t\t\t<div class=\"elementor-element elementor-element-42b9cd6 elementor-widget elementor-widget-heading\" data-id=\"42b9cd6\" data-element_type=\"widget\" data-e-type=\"widget\" data-widget_type=\"heading.default\">\n\t\t\t\t<div class=\"elementor-widget-container\">\n\t\t\t\t\t<h1 class=\"elementor-heading-title elementor-size-default\">Unsere Verlege- &amp; Installationsdienste<br> van, van &amp; wohnmobil <\/h1>\t\t\t\t<\/div>\n\t\t\t\t<\/div>\n\t\t\t\t\t<\/div>\n\t\t\t\t<\/div>\n\t\t<div class=\"elementor-element elementor-element-3e1e997 e-flex e-con-boxed e-con e-parent\" data-id=\"3e1e997\" data-element_type=\"container\" data-e-type=\"container\">\n\t\t\t\t\t<div class=\"e-con-inner\">\n\t\t\t\t<div class=\"elementor-element elementor-element-05281c7 elementor-widget-mobile__width-initial elementor-widget__width-initial elementor-position-top elementor-widget elementor-widget-image-box\" data-id=\"05281c7\" data-element_type=\"widget\" data-e-type=\"widget\" data-widget_type=\"image-box.default\">\n\t\t\t\t<div class=\"elementor-widget-container\">\n\t\t\t\t\t<div class=\"elementor-image-box-wrapper\"><figure class=\"elementor-image-box-img\"><a href=\"https:\/\/campervanservice.fr\/de\/services\/amenagement-equipements-pieces-detachees\/pose-depannage-systeme-deau\/\" tabindex=\"-1\"><img fetchpriority=\"high\" decoding=\"async\" width=\"512\" height=\"512\" src=\"https:\/\/campervanservice.fr\/wp-content\/uploads\/2024\/08\/goutte-deau-1.png\" class=\"attachment-full size-full wp-image-1985\" alt=\"\" srcset=\"https:\/\/campervanservice.fr\/wp-content\/uploads\/2024\/08\/goutte-deau-1.png 512w, https:\/\/campervanservice.fr\/wp-content\/uploads\/2024\/08\/goutte-deau-1-300x300.png 300w, https:\/\/campervanservice.fr\/wp-content\/uploads\/2024\/08\/goutte-deau-1-150x150.png 150w\" sizes=\"(max-width: 512px) 100vw, 512px\" \/><\/a><\/figure><div class=\"elementor-image-box-content\"><h3 class=\"elementor-image-box-title\"><a href=\"https:\/\/campervanservice.fr\/de\/services\/amenagement-equipements-pieces-detachees\/pose-depannage-systeme-deau\/\">Wassersystem<\/a><\/h3><\/div><\/div>\t\t\t\t<\/div>\n\t\t\t\t<\/div>\n\t\t\t\t<div class=\"elementor-element elementor-element-5241df0 elementor-widget__width-initial elementor-widget-mobile__width-initial elementor-position-top elementor-widget elementor-widget-image-box\" data-id=\"5241df0\" data-element_type=\"widget\" data-e-type=\"widget\" data-widget_type=\"image-box.default\">\n\t\t\t\t<div class=\"elementor-widget-container\">\n\t\t\t\t\t<div class=\"elementor-image-box-wrapper\"><figure class=\"elementor-image-box-img\"><a href=\"https:\/\/campervanservice.fr\/de\/services\/installation-electrique\/\" tabindex=\"-1\"><img decoding=\"async\" width=\"256\" height=\"256\" src=\"https:\/\/campervanservice.fr\/wp-content\/uploads\/2024\/09\/batterie-1.png\" class=\"attachment-full size-full wp-image-2043\" alt=\"\" srcset=\"https:\/\/campervanservice.fr\/wp-content\/uploads\/2024\/09\/batterie-1.png 256w, https:\/\/campervanservice.fr\/wp-content\/uploads\/2024\/09\/batterie-1-150x150.png 150w\" sizes=\"(max-width: 256px) 100vw, 256px\" \/><\/a><\/figure><div class=\"elementor-image-box-content\"><h3 class=\"elementor-image-box-title\"><a href=\"https:\/\/campervanservice.fr\/de\/services\/installation-electrique\/\">Elektrizit\u00e4t<\/a><\/h3><\/div><\/div>\t\t\t\t<\/div>\n\t\t\t\t<\/div>\n\t\t\t\t<div class=\"elementor-element elementor-element-86c866b elementor-widget__width-initial elementor-widget-mobile__width-initial elementor-position-top elementor-widget elementor-widget-image-box\" data-id=\"86c866b\" data-element_type=\"widget\" data-e-type=\"widget\" data-widget_type=\"image-box.default\">\n\t\t\t\t<div class=\"elementor-widget-container\">\n\t\t\t\t\t<div class=\"elementor-image-box-wrapper\"><figure class=\"elementor-image-box-img\"><a href=\"https:\/\/campervanservice.fr\/de\/services\/amenagement-equipements-pieces-detachees\/pose-de-frigo-revision-annuelle\/\" tabindex=\"-1\"><img decoding=\"async\" width=\"256\" height=\"256\" src=\"https:\/\/campervanservice.fr\/wp-content\/uploads\/2024\/09\/frigo.png\" class=\"attachment-full size-full wp-image-2041\" alt=\"\" srcset=\"https:\/\/campervanservice.fr\/wp-content\/uploads\/2024\/09\/frigo.png 256w, https:\/\/campervanservice.fr\/wp-content\/uploads\/2024\/09\/frigo-150x150.png 150w\" sizes=\"(max-width: 256px) 100vw, 256px\" \/><\/a><\/figure><div class=\"elementor-image-box-content\"><h3 class=\"elementor-image-box-title\"><a href=\"https:\/\/campervanservice.fr\/de\/services\/amenagement-equipements-pieces-detachees\/pose-de-frigo-revision-annuelle\/\">K\u00fchlschr\u00e4nke<\/a><\/h3><\/div><\/div>\t\t\t\t<\/div>\n\t\t\t\t<\/div>\n\t\t\t\t<div class=\"elementor-element elementor-element-fccaa24 elementor-widget__width-initial elementor-widget-mobile__width-initial elementor-position-top elementor-widget elementor-widget-image-box\" data-id=\"fccaa24\" data-element_type=\"widget\" data-e-type=\"widget\" data-widget_type=\"image-box.default\">\n\t\t\t\t<div class=\"elementor-widget-container\">\n\t\t\t\t\t<div class=\"elementor-image-box-wrapper\"><figure class=\"elementor-image-box-img\"><a href=\"https:\/\/campervanservice.fr\/de\/services\/amenagement-equipements-pieces-detachees\/chauffage-chauffe-eau\/\" tabindex=\"-1\"><img loading=\"lazy\" decoding=\"async\" width=\"256\" height=\"256\" src=\"https:\/\/campervanservice.fr\/wp-content\/uploads\/2024\/09\/flamme.png\" class=\"attachment-full size-full wp-image-2055\" alt=\"\" srcset=\"https:\/\/campervanservice.fr\/wp-content\/uploads\/2024\/09\/flamme.png 256w, https:\/\/campervanservice.fr\/wp-content\/uploads\/2024\/09\/flamme-150x150.png 150w\" sizes=\"(max-width: 256px) 100vw, 256px\" \/><\/a><\/figure><div class=\"elementor-image-box-content\"><h3 class=\"elementor-image-box-title\"><a href=\"https:\/\/campervanservice.fr\/de\/services\/amenagement-equipements-pieces-detachees\/chauffage-chauffe-eau\/\">Heizung<\/a><\/h3><\/div><\/div>\t\t\t\t<\/div>\n\t\t\t\t<\/div>\n\t\t\t\t<div class=\"elementor-element elementor-element-59a6914 elementor-widget__width-initial elementor-widget-mobile__width-initial elementor-position-top elementor-widget elementor-widget-image-box\" data-id=\"59a6914\" data-element_type=\"widget\" data-e-type=\"widget\" data-widget_type=\"image-box.default\">\n\t\t\t\t<div class=\"elementor-widget-container\">\n\t\t\t\t\t<div class=\"elementor-image-box-wrapper\"><figure class=\"elementor-image-box-img\"><a href=\"https:\/\/campervanservice.fr\/de\/services\/amenagement-equipements-pieces-detachees\/porte-velo-van-swing\/\" tabindex=\"-1\"><img loading=\"lazy\" decoding=\"async\" width=\"256\" height=\"256\" src=\"https:\/\/campervanservice.fr\/wp-content\/uploads\/2024\/09\/velo.png\" class=\"attachment-full size-full wp-image-2042\" alt=\"\" srcset=\"https:\/\/campervanservice.fr\/wp-content\/uploads\/2024\/09\/velo.png 256w, https:\/\/campervanservice.fr\/wp-content\/uploads\/2024\/09\/velo-150x150.png 150w\" sizes=\"(max-width: 256px) 100vw, 256px\" \/><\/a><\/figure><div class=\"elementor-image-box-content\"><h3 class=\"elementor-image-box-title\"><a href=\"https:\/\/campervanservice.fr\/de\/services\/amenagement-equipements-pieces-detachees\/porte-velo-van-swing\/\">Fahrradtr\u00e4ger<\/a><\/h3><\/div><\/div>\t\t\t\t<\/div>\n\t\t\t\t<\/div>\n\t\t\t\t\t<\/div>\n\t\t\t\t<\/div>\n\t\t<div class=\"elementor-element elementor-element-d539521 e-flex e-con-boxed e-con e-parent\" data-id=\"d539521\" data-element_type=\"container\" data-e-type=\"container\">\n\t\t\t\t\t<div class=\"e-con-inner\">\n\t\t<div class=\"elementor-element elementor-element-5c7643a e-con-full e-flex e-con e-child\" data-id=\"5c7643a\" data-element_type=\"container\" data-e-type=\"container\">\n\t\t<div class=\"elementor-element elementor-element-0e8ccf8 e-flex e-con-boxed e-con e-child\" data-id=\"0e8ccf8\" data-element_type=\"container\" data-e-type=\"container\">\n\t\t\t\t\t<div class=\"e-con-inner\">\n\t\t\t\t<div class=\"elementor-element elementor-element-ec4010c elementor-widget elementor-widget-heading\" data-id=\"ec4010c\" data-element_type=\"widget\" data-e-type=\"widget\" data-widget_type=\"heading.default\">\n\t\t\t\t<div class=\"elementor-widget-container\">\n\t\t\t\t\t<h2 class=\"elementor-heading-title elementor-size-default\">12V-Pumpe, Unterwasser, Wasserhahn, Sp\u00fclbecken... <\/h2>\t\t\t\t<\/div>\n\t\t\t\t<\/div>\n\t\t\t\t\t<\/div>\n\t\t\t\t<\/div>\n\t\t\t\t<div class=\"elementor-element elementor-element-59263f1 elementor-widget elementor-widget-text-editor\" data-id=\"59263f1\" data-element_type=\"widget\" data-e-type=\"widget\" data-widget_type=\"text-editor.default\">\n\t\t\t\t<div class=\"elementor-widget-container\">\n\t\t\t\t\t\t\t\t\t<p>Spezialisiert auf den Austausch defekter Teile f\u00fcr Ihr Wohnmobil, Ihren Van oder Ihren ausgebauten Kastenwagen.<\/p><p>Wenn Ihre Wasserpumpe nicht mehr den n\u00f6tigen Druck liefert, ist es an der Zeit, sie auszutauschen, um eine zuverl\u00e4ssige Versorgung mit Frischwasser zu gew\u00e4hrleisten. Wir k\u00f6nnen auch an Ihren Wassertanks arbeiten, um sie zu reparieren oder aufzur\u00fcsten.<\/p><p>Wir k\u00f6nnen Ihnen die Ausr\u00fcstung zur Verf\u00fcgung stellen und sie auf Wunsch auch anbringen.<\/p>\t\t\t\t\t\t\t\t<\/div>\n\t\t\t\t<\/div>\n\t\t\t\t<div class=\"elementor-element elementor-element-3bf51cb elementor-widget elementor-widget-button\" data-id=\"3bf51cb\" data-element_type=\"widget\" data-e-type=\"widget\" data-widget_type=\"button.default\">\n\t\t\t\t<div class=\"elementor-widget-container\">\n\t\t\t\t\t\t\t\t\t<div class=\"elementor-button-wrapper\">\n\t\t\t\t\t<a class=\"elementor-button elementor-button-link elementor-size-sm\" href=\"https:\/\/campervanservice.fr\/de\/contact\/\">\n\t\t\t\t\t\t<span class=\"elementor-button-content-wrapper\">\n\t\t\t\t\t\t<span class=\"elementor-button-icon\">\n\t\t\t\t<svg aria-hidden=\"true\" class=\"e-font-icon-svg e-fas-chevron-right\" viewbox=\"0 0 320 512\" xmlns=\"http:\/\/www.w3.org\/2000\/svg\"><path d=\"M285.476 272.971L91.132 467.314c-9.373 9.373-24.569 9.373-33.941 0l-22.667-22.667c-9.357-9.357-9.375-24.522-.04-33.901L188.505 256 34.484 101.255c-9.335-9.379-9.317-24.544.04-33.901l22.667-22.667c9.373-9.373 24.569-9.373 33.941 0L285.475 239.03c9.373 9.372 9.373 24.568.001 33.941z\"><\/path><\/svg>\t\t\t<\/span>\n\t\t\t\t\t\t\t\t\t<span class=\"elementor-button-text\">Kontaktieren Sie uns <\/span>\n\t\t\t\t\t<\/span>\n\t\t\t\t\t<\/a>\n\t\t\t\t<\/div>\n\t\t\t\t\t\t\t\t<\/div>\n\t\t\t\t<\/div>\n\t\t\t\t<\/div>\n\t\t<div class=\"elementor-element elementor-element-a156d58 e-con-full e-flex e-con e-child\" data-id=\"a156d58\" data-element_type=\"container\" data-e-type=\"container\">\n\t\t\t\t<div class=\"elementor-element elementor-element-3aa74d4 elementor-widget elementor-widget-image\" data-id=\"3aa74d4\" data-element_type=\"widget\" data-e-type=\"widget\" data-widget_type=\"image.default\">\n\t\t\t\t<div class=\"elementor-widget-container\">\n\t\t\t\t\t\t\t\t\t\t\t\t\t\t\t<img loading=\"lazy\" decoding=\"async\" width=\"683\" height=\"1024\" src=\"https:\/\/campervanservice.fr\/wp-content\/uploads\/2025\/06\/WhatsApp-Image-2025-06-02-at-10.36.23-3-683x1024.jpeg\" class=\"attachment-large size-large wp-image-2347\" alt=\"\" srcset=\"https:\/\/campervanservice.fr\/wp-content\/uploads\/2025\/06\/WhatsApp-Image-2025-06-02-at-10.36.23-3-683x1024.jpeg 683w, https:\/\/campervanservice.fr\/wp-content\/uploads\/2025\/06\/WhatsApp-Image-2025-06-02-at-10.36.23-3-200x300.jpeg 200w, https:\/\/campervanservice.fr\/wp-content\/uploads\/2025\/06\/WhatsApp-Image-2025-06-02-at-10.36.23-3-768x1152.jpeg 768w, https:\/\/campervanservice.fr\/wp-content\/uploads\/2025\/06\/WhatsApp-Image-2025-06-02-at-10.36.23-3-1024x1536.jpeg 1024w, https:\/\/campervanservice.fr\/wp-content\/uploads\/2025\/06\/WhatsApp-Image-2025-06-02-at-10.36.23-3.jpeg 1066w\" sizes=\"(max-width: 683px) 100vw, 683px\" \/>\t\t\t\t\t\t\t\t\t\t\t\t\t\t\t<\/div>\n\t\t\t\t<\/div>\n\t\t\t\t<\/div>\n\t\t\t\t\t<\/div>\n\t\t\t\t<\/div>\n\t\t<div class=\"elementor-element elementor-element-e403e61 e-flex e-con-boxed e-con e-parent\" data-id=\"e403e61\" data-element_type=\"container\" data-e-type=\"container\">\n\t\t\t\t\t<div class=\"e-con-inner\">\n\t\t<div class=\"elementor-element elementor-element-7d7d391 e-con-full e-flex e-con e-child\" data-id=\"7d7d391\" data-element_type=\"container\" data-e-type=\"container\">\n\t\t\t\t<div class=\"elementor-element elementor-element-21e4a61 elementor-widget elementor-widget-image\" data-id=\"21e4a61\" data-element_type=\"widget\" data-e-type=\"widget\" data-widget_type=\"image.default\">\n\t\t\t\t<div class=\"elementor-widget-container\">\n\t\t\t\t\t\t\t\t\t\t\t\t\t\t\t<img loading=\"lazy\" decoding=\"async\" width=\"662\" height=\"868\" src=\"https:\/\/campervanservice.fr\/wp-content\/uploads\/2023\/10\/van-swing.jpg\" class=\"attachment-large size-large wp-image-1493\" alt=\"\" srcset=\"https:\/\/campervanservice.fr\/wp-content\/uploads\/2023\/10\/van-swing.jpg 662w, https:\/\/campervanservice.fr\/wp-content\/uploads\/2023\/10\/van-swing-229x300.jpg 229w, https:\/\/campervanservice.fr\/wp-content\/uploads\/2023\/10\/van-swing-9x12.jpg 9w\" sizes=\"(max-width: 662px) 100vw, 662px\" \/>\t\t\t\t\t\t\t\t\t\t\t\t\t\t\t<\/div>\n\t\t\t\t<\/div>\n\t\t\t\t<\/div>\n\t\t<div class=\"elementor-element elementor-element-5bdc85f e-con-full e-flex e-con e-child\" data-id=\"5bdc85f\" data-element_type=\"container\" data-e-type=\"container\">\n\t\t<div class=\"elementor-element elementor-element-3eebe10 e-flex e-con-boxed e-con e-child\" data-id=\"3eebe10\" data-element_type=\"container\" data-e-type=\"container\">\n\t\t\t\t\t<div class=\"e-con-inner\">\n\t\t\t\t<div class=\"elementor-element elementor-element-a9b8fe8 elementor-widget elementor-widget-heading\" data-id=\"a9b8fe8\" data-element_type=\"widget\" data-e-type=\"widget\" data-widget_type=\"heading.default\">\n\t\t\t\t<div class=\"elementor-widget-container\">\n\t\t\t\t\t<h2 class=\"elementor-heading-title elementor-size-default\">Anbringen &amp; Aufstellen von Fahrradst\u00e4ndern<\/h2>\t\t\t\t<\/div>\n\t\t\t\t<\/div>\n\t\t\t\t\t<\/div>\n\t\t\t\t<\/div>\n\t\t\t\t<div class=\"elementor-element elementor-element-a1dfc85 elementor-widget elementor-widget-text-editor\" data-id=\"a1dfc85\" data-element_type=\"widget\" data-e-type=\"widget\" data-widget_type=\"text-editor.default\">\n\t\t\t\t<div class=\"elementor-widget-container\">\n\t\t\t\t\t\t\t\t\t<p>Egal, welche Art von Freizeitfahrzeug Sie besitzen, ob Wohnmobil, ausgebauter Kastenwagen, Lieferwagen oder andere, wir haben eine Reihe von Fahrradtr\u00e4gern, die so konzipiert sind, dass sie perfekt zu Ihrem Fahrzeug passen.<\/p><p>Wir k\u00fcmmern uns um die komplette Installation, einschlie\u00dflich der Hinzuf\u00fcgung von Ampeln, um Ihre Sicherheit im Stra\u00dfenverkehr zu gew\u00e4hrleisten.\u00a0<\/p><p>Wir arbeiten mit vielen Marken zusammen, um uns an jeden Fahrzeugtyp anpassen zu k\u00f6nnen.<\/p>\t\t\t\t\t\t\t\t<\/div>\n\t\t\t\t<\/div>\n\t\t\t\t<div class=\"elementor-element elementor-element-aa7fdbb elementor-widget elementor-widget-button\" data-id=\"aa7fdbb\" data-element_type=\"widget\" data-e-type=\"widget\" data-widget_type=\"button.default\">\n\t\t\t\t<div class=\"elementor-widget-container\">\n\t\t\t\t\t\t\t\t\t<div class=\"elementor-button-wrapper\">\n\t\t\t\t\t<a class=\"elementor-button elementor-button-link elementor-size-sm\" href=\"https:\/\/campervanservice.fr\/de\/contact\/\">\n\t\t\t\t\t\t<span class=\"elementor-button-content-wrapper\">\n\t\t\t\t\t\t<span class=\"elementor-button-icon\">\n\t\t\t\t<svg aria-hidden=\"true\" class=\"e-font-icon-svg e-fas-chevron-right\" viewbox=\"0 0 320 512\" xmlns=\"http:\/\/www.w3.org\/2000\/svg\"><path d=\"M285.476 272.971L91.132 467.314c-9.373 9.373-24.569 9.373-33.941 0l-22.667-22.667c-9.357-9.357-9.375-24.522-.04-33.901L188.505 256 34.484 101.255c-9.335-9.379-9.317-24.544.04-33.901l22.667-22.667c9.373-9.373 24.569-9.373 33.941 0L285.475 239.03c9.373 9.372 9.373 24.568.001 33.941z\"><\/path><\/svg>\t\t\t<\/span>\n\t\t\t\t\t\t\t\t\t<span class=\"elementor-button-text\">Kontaktieren Sie uns <\/span>\n\t\t\t\t\t<\/span>\n\t\t\t\t\t<\/a>\n\t\t\t\t<\/div>\n\t\t\t\t\t\t\t\t<\/div>\n\t\t\t\t<\/div>\n\t\t\t\t<\/div>\n\t\t\t\t\t<\/div>\n\t\t\t\t<\/div>\n\t\t<div class=\"elementor-element elementor-element-5cfbfdd e-flex e-con-boxed e-con e-parent\" data-id=\"5cfbfdd\" data-element_type=\"container\" data-e-type=\"container\">\n\t\t\t\t\t<div class=\"e-con-inner\">\n\t\t<div class=\"elementor-element elementor-element-30332c8 e-con-full e-flex e-con e-child\" data-id=\"30332c8\" data-element_type=\"container\" data-e-type=\"container\">\n\t\t<div class=\"elementor-element elementor-element-02a38cd e-flex e-con-boxed e-con e-child\" data-id=\"02a38cd\" data-element_type=\"container\" data-e-type=\"container\">\n\t\t\t\t\t<div class=\"e-con-inner\">\n\t\t\t\t<div class=\"elementor-element elementor-element-50ce2ea elementor-widget elementor-widget-heading\" data-id=\"50ce2ea\" data-element_type=\"widget\" data-e-type=\"widget\" data-widget_type=\"heading.default\">\n\t\t\t\t<div class=\"elementor-widget-container\">\n\t\t\t\t\t<h2 class=\"elementor-heading-title elementor-size-default\">K\u00fchlschrankausstattung, und Ersatz<\/h2>\t\t\t\t<\/div>\n\t\t\t\t<\/div>\n\t\t\t\t\t<\/div>\n\t\t\t\t<\/div>\n\t\t\t\t<div class=\"elementor-element elementor-element-88ef516 elementor-widget elementor-widget-text-editor\" data-id=\"88ef516\" data-element_type=\"widget\" data-e-type=\"widget\" data-widget_type=\"text-editor.default\">\n\t\t\t\t<div class=\"elementor-widget-container\">\n\t\t\t\t\t\t\t\t\t<p>Trimix-K\u00fchlschr\u00e4nke sind wichtig, um Ihre Lebensmittel auf Reisen im Wohnmobil frisch zu halten. Um einen reibungslosen Betrieb zu gew\u00e4hrleisten, ist eine regelm\u00e4\u00dfige Wartung erforderlich.<\/p><p>Wir bieten Dienstleistungen an <strong>Wartung<\/strong> pr\u00e4ventiv, von <strong>vollst\u00e4ndige \u00dcberarbeitung,<\/strong> der Reparatur und <strong>Fehlerbehebung<\/strong> um sicherzustellen, dass Ihr K\u00fchlschrank w\u00e4hrend Ihrer Outdoor-Abenteuer effizient arbeitet.<\/p>\t\t\t\t\t\t\t\t<\/div>\n\t\t\t\t<\/div>\n\t\t\t\t<div class=\"elementor-element elementor-element-1b1a4aa elementor-widget elementor-widget-button\" data-id=\"1b1a4aa\" data-element_type=\"widget\" data-e-type=\"widget\" data-widget_type=\"button.default\">\n\t\t\t\t<div class=\"elementor-widget-container\">\n\t\t\t\t\t\t\t\t\t<div class=\"elementor-button-wrapper\">\n\t\t\t\t\t<a class=\"elementor-button elementor-button-link elementor-size-sm\" href=\"https:\/\/campervanservice.fr\/de\/contact\/\">\n\t\t\t\t\t\t<span class=\"elementor-button-content-wrapper\">\n\t\t\t\t\t\t<span class=\"elementor-button-icon\">\n\t\t\t\t<svg aria-hidden=\"true\" class=\"e-font-icon-svg e-fas-chevron-right\" viewbox=\"0 0 320 512\" xmlns=\"http:\/\/www.w3.org\/2000\/svg\"><path d=\"M285.476 272.971L91.132 467.314c-9.373 9.373-24.569 9.373-33.941 0l-22.667-22.667c-9.357-9.357-9.375-24.522-.04-33.901L188.505 256 34.484 101.255c-9.335-9.379-9.317-24.544.04-33.901l22.667-22.667c9.373-9.373 24.569-9.373 33.941 0L285.475 239.03c9.373 9.372 9.373 24.568.001 33.941z\"><\/path><\/svg>\t\t\t<\/span>\n\t\t\t\t\t\t\t\t\t<span class=\"elementor-button-text\">Kontaktieren Sie uns <\/span>\n\t\t\t\t\t<\/span>\n\t\t\t\t\t<\/a>\n\t\t\t\t<\/div>\n\t\t\t\t\t\t\t\t<\/div>\n\t\t\t\t<\/div>\n\t\t\t\t<\/div>\n\t\t<div class=\"elementor-element elementor-element-e4d6d5d e-con-full e-flex e-con e-child\" data-id=\"e4d6d5d\" data-element_type=\"container\" data-e-type=\"container\">\n\t\t\t\t<div class=\"elementor-element elementor-element-6c543c1 elementor-widget elementor-widget-image\" data-id=\"6c543c1\" data-element_type=\"widget\" data-e-type=\"widget\" data-widget_type=\"image.default\">\n\t\t\t\t<div class=\"elementor-widget-container\">\n\t\t\t\t\t\t\t\t\t\t\t\t\t\t\t<img loading=\"lazy\" decoding=\"async\" width=\"800\" height=\"534\" src=\"https:\/\/campervanservice.fr\/wp-content\/uploads\/2023\/03\/DSC06772-1024x683.jpg\" class=\"attachment-large size-large wp-image-1064\" alt=\"\" srcset=\"https:\/\/campervanservice.fr\/wp-content\/uploads\/2023\/03\/DSC06772-1024x683.jpg 1024w, https:\/\/campervanservice.fr\/wp-content\/uploads\/2023\/03\/DSC06772-300x200.jpg 300w, https:\/\/campervanservice.fr\/wp-content\/uploads\/2023\/03\/DSC06772-768x512.jpg 768w, https:\/\/campervanservice.fr\/wp-content\/uploads\/2023\/03\/DSC06772-1536x1024.jpg 1536w, https:\/\/campervanservice.fr\/wp-content\/uploads\/2023\/03\/DSC06772.jpg 2048w\" sizes=\"(max-width: 800px) 100vw, 800px\" \/>\t\t\t\t\t\t\t\t\t\t\t\t\t\t\t<\/div>\n\t\t\t\t<\/div>\n\t\t\t\t<\/div>\n\t\t\t\t\t<\/div>\n\t\t\t\t<\/div>\n\t\t<div class=\"elementor-element elementor-element-2a5a5e9 e-flex e-con-boxed e-con e-parent\" data-id=\"2a5a5e9\" data-element_type=\"container\" data-e-type=\"container\">\n\t\t\t\t\t<div class=\"e-con-inner\">\n\t\t<div class=\"elementor-element elementor-element-dc2afc2 e-con-full e-flex e-con e-child\" data-id=\"dc2afc2\" data-element_type=\"container\" data-e-type=\"container\">\n\t\t\t\t<div class=\"elementor-element elementor-element-e55d822 elementor-widget elementor-widget-image\" data-id=\"e55d822\" data-element_type=\"widget\" data-e-type=\"widget\" data-widget_type=\"image.default\">\n\t\t\t\t<div class=\"elementor-widget-container\">\n\t\t\t\t\t\t\t\t\t\t\t\t\t\t\t<img loading=\"lazy\" decoding=\"async\" width=\"768\" height=\"1024\" src=\"https:\/\/campervanservice.fr\/wp-content\/uploads\/2025\/06\/WhatsApp-Image-2025-06-02-at-10.37.04-768x1024.jpeg\" class=\"attachment-large size-large wp-image-2336\" alt=\"\" srcset=\"https:\/\/campervanservice.fr\/wp-content\/uploads\/2025\/06\/WhatsApp-Image-2025-06-02-at-10.37.04-768x1024.jpeg 768w, https:\/\/campervanservice.fr\/wp-content\/uploads\/2025\/06\/WhatsApp-Image-2025-06-02-at-10.37.04-225x300.jpeg 225w, https:\/\/campervanservice.fr\/wp-content\/uploads\/2025\/06\/WhatsApp-Image-2025-06-02-at-10.37.04-1152x1536.jpeg 1152w, https:\/\/campervanservice.fr\/wp-content\/uploads\/2025\/06\/WhatsApp-Image-2025-06-02-at-10.37.04.jpeg 1200w\" sizes=\"(max-width: 768px) 100vw, 768px\" \/>\t\t\t\t\t\t\t\t\t\t\t\t\t\t\t<\/div>\n\t\t\t\t<\/div>\n\t\t\t\t<\/div>\n\t\t<div class=\"elementor-element elementor-element-d04c9fd e-con-full e-flex e-con e-child\" data-id=\"d04c9fd\" data-element_type=\"container\" data-e-type=\"container\">\n\t\t<div class=\"elementor-element elementor-element-1875205 e-flex e-con-boxed e-con e-child\" data-id=\"1875205\" data-element_type=\"container\" data-e-type=\"container\">\n\t\t\t\t\t<div class=\"e-con-inner\">\n\t\t\t\t<div class=\"elementor-element elementor-element-798e101 elementor-widget elementor-widget-heading\" data-id=\"798e101\" data-element_type=\"widget\" data-e-type=\"widget\" data-widget_type=\"heading.default\">\n\t\t\t\t<div class=\"elementor-widget-container\">\n\t\t\t\t\t<h2 class=\"elementor-heading-title elementor-size-default\">Elektrisches System <\/h2>\t\t\t\t<\/div>\n\t\t\t\t<\/div>\n\t\t\t\t\t<\/div>\n\t\t\t\t<\/div>\n\t\t\t\t<div class=\"elementor-element elementor-element-615278e elementor-widget elementor-widget-text-editor\" data-id=\"615278e\" data-element_type=\"widget\" data-e-type=\"widget\" data-widget_type=\"text-editor.default\">\n\t\t\t\t<div class=\"elementor-widget-container\">\n\t\t\t\t\t\t\t\t\t<p>Unser Expertenteam kann alle elektrischen Ger\u00e4te in Ihrem Wohnmobil installieren und warten, z. B.<\/p><ul><li>die Batterien,<\/li><li>Sonnenkollektoren,<\/li><li>Solarladeger\u00e4te und -regler.<\/li><\/ul><p>\u00a0<\/p><p>Auch bei Pannen oder Problemen sind wir f\u00fcr schnelle und effiziente Reparaturen zur Stelle. Reisen Sie mit dem Wissen, dass wir uns um Ihren Energiebedarf k\u00fcmmern, damit Sie Ihr Abenteuer im Wohnmobil in vollen Z\u00fcgen genie\u00dfen k\u00f6nnen.<\/p>\t\t\t\t\t\t\t\t<\/div>\n\t\t\t\t<\/div>\n\t\t\t\t<div class=\"elementor-element elementor-element-da11442 elementor-widget elementor-widget-button\" data-id=\"da11442\" data-element_type=\"widget\" data-e-type=\"widget\" data-widget_type=\"button.default\">\n\t\t\t\t<div class=\"elementor-widget-container\">\n\t\t\t\t\t\t\t\t\t<div class=\"elementor-button-wrapper\">\n\t\t\t\t\t<a class=\"elementor-button elementor-button-link elementor-size-sm\" href=\"https:\/\/campervanservice.fr\/de\/contact\/\">\n\t\t\t\t\t\t<span class=\"elementor-button-content-wrapper\">\n\t\t\t\t\t\t<span class=\"elementor-button-icon\">\n\t\t\t\t<svg aria-hidden=\"true\" class=\"e-font-icon-svg e-fas-chevron-right\" viewbox=\"0 0 320 512\" xmlns=\"http:\/\/www.w3.org\/2000\/svg\"><path d=\"M285.476 272.971L91.132 467.314c-9.373 9.373-24.569 9.373-33.941 0l-22.667-22.667c-9.357-9.357-9.375-24.522-.04-33.901L188.505 256 34.484 101.255c-9.335-9.379-9.317-24.544.04-33.901l22.667-22.667c9.373-9.373 24.569-9.373 33.941 0L285.475 239.03c9.373 9.372 9.373 24.568.001 33.941z\"><\/path><\/svg>\t\t\t<\/span>\n\t\t\t\t\t\t\t\t\t<span class=\"elementor-button-text\">Kontaktieren Sie uns <\/span>\n\t\t\t\t\t<\/span>\n\t\t\t\t\t<\/a>\n\t\t\t\t<\/div>\n\t\t\t\t\t\t\t\t<\/div>\n\t\t\t\t<\/div>\n\t\t\t\t<\/div>\n\t\t\t\t\t<\/div>\n\t\t\t\t<\/div>\n\t\t<div class=\"elementor-element elementor-element-33ccfb2 e-flex e-con-boxed e-con e-parent\" data-id=\"33ccfb2\" data-element_type=\"container\" data-e-type=\"container\">\n\t\t\t\t\t<div class=\"e-con-inner\">\n\t\t<div class=\"elementor-element elementor-element-21a0df6 e-con-full e-flex e-con e-child\" data-id=\"21a0df6\" data-element_type=\"container\" data-e-type=\"container\">\n\t\t<div class=\"elementor-element elementor-element-577c968 e-flex e-con-boxed e-con e-child\" data-id=\"577c968\" data-element_type=\"container\" data-e-type=\"container\">\n\t\t\t\t\t<div class=\"e-con-inner\">\n\t\t\t\t<div class=\"elementor-element elementor-element-e387819 elementor-widget elementor-widget-heading\" data-id=\"e387819\" data-element_type=\"widget\" data-e-type=\"widget\" data-widget_type=\"heading.default\">\n\t\t\t\t<div class=\"elementor-widget-container\">\n\t\t\t\t\t<h2 class=\"elementor-heading-title elementor-size-default\">Heizung &amp; Warmwasserbereiter<\/h2>\t\t\t\t<\/div>\n\t\t\t\t<\/div>\n\t\t\t\t\t<\/div>\n\t\t\t\t<\/div>\n\t\t\t\t<div class=\"elementor-element elementor-element-820bb63 elementor-widget elementor-widget-text-editor\" data-id=\"820bb63\" data-element_type=\"widget\" data-e-type=\"widget\" data-widget_type=\"text-editor.default\">\n\t\t\t\t<div class=\"elementor-widget-container\">\n\t\t\t\t\t\t\t\t\t<p>Egal, ob Sie ein neues Heizsystem in Ihren Kastenwagen oder Ihr Wohnmobil einbauen, eine regelm\u00e4\u00dfige Wartung durchf\u00fchren lassen, um einen optimalen Betrieb zu gew\u00e4hrleisten, oder eventuelle Probleme beheben m\u00f6chten, wir sind in der Lage, Ihren Bed\u00fcrfnissen gerecht zu werden. Wir verf\u00fcgen \u00fcber umfassende Erfahrung in der Installation und Wartung verschiedener Arten von Heizungen, seien es Gas-, Elektro-, Diesel-, Umluft-, Warmwasser- oder Holzheizsysteme.<\/p>\t\t\t\t\t\t\t\t<\/div>\n\t\t\t\t<\/div>\n\t\t\t\t<div class=\"elementor-element elementor-element-0981a0e elementor-widget elementor-widget-button\" data-id=\"0981a0e\" data-element_type=\"widget\" data-e-type=\"widget\" data-widget_type=\"button.default\">\n\t\t\t\t<div class=\"elementor-widget-container\">\n\t\t\t\t\t\t\t\t\t<div class=\"elementor-button-wrapper\">\n\t\t\t\t\t<a class=\"elementor-button elementor-button-link elementor-size-sm\" href=\"https:\/\/campervanservice.fr\/de\/contact\/\">\n\t\t\t\t\t\t<span class=\"elementor-button-content-wrapper\">\n\t\t\t\t\t\t<span class=\"elementor-button-icon\">\n\t\t\t\t<svg aria-hidden=\"true\" class=\"e-font-icon-svg e-fas-chevron-right\" viewbox=\"0 0 320 512\" xmlns=\"http:\/\/www.w3.org\/2000\/svg\"><path d=\"M285.476 272.971L91.132 467.314c-9.373 9.373-24.569 9.373-33.941 0l-22.667-22.667c-9.357-9.357-9.375-24.522-.04-33.901L188.505 256 34.484 101.255c-9.335-9.379-9.317-24.544.04-33.901l22.667-22.667c9.373-9.373 24.569-9.373 33.941 0L285.475 239.03c9.373 9.372 9.373 24.568.001 33.941z\"><\/path><\/svg>\t\t\t<\/span>\n\t\t\t\t\t\t\t\t\t<span class=\"elementor-button-text\">Kontaktieren Sie uns <\/span>\n\t\t\t\t\t<\/span>\n\t\t\t\t\t<\/a>\n\t\t\t\t<\/div>\n\t\t\t\t\t\t\t\t<\/div>\n\t\t\t\t<\/div>\n\t\t\t\t<\/div>\n\t\t<div class=\"elementor-element elementor-element-ef3f4e6 e-con-full e-flex e-con e-child\" data-id=\"ef3f4e6\" data-element_type=\"container\" data-e-type=\"container\">\n\t\t\t\t<div class=\"elementor-element elementor-element-c50398e elementor-widget elementor-widget-image\" data-id=\"c50398e\" data-element_type=\"widget\" data-e-type=\"widget\" data-widget_type=\"image.default\">\n\t\t\t\t<div class=\"elementor-widget-container\">\n\t\t\t\t\t\t\t\t\t\t\t\t\t\t\t<img loading=\"lazy\" decoding=\"async\" width=\"768\" height=\"1024\" src=\"https:\/\/campervanservice.fr\/wp-content\/uploads\/2025\/06\/WhatsApp-Image-2025-06-02-at-10.37.22-768x1024.jpeg\" class=\"attachment-large size-large wp-image-2335\" alt=\"\" srcset=\"https:\/\/campervanservice.fr\/wp-content\/uploads\/2025\/06\/WhatsApp-Image-2025-06-02-at-10.37.22-768x1024.jpeg 768w, https:\/\/campervanservice.fr\/wp-content\/uploads\/2025\/06\/WhatsApp-Image-2025-06-02-at-10.37.22-225x300.jpeg 225w, https:\/\/campervanservice.fr\/wp-content\/uploads\/2025\/06\/WhatsApp-Image-2025-06-02-at-10.37.22-1152x1536.jpeg 1152w, https:\/\/campervanservice.fr\/wp-content\/uploads\/2025\/06\/WhatsApp-Image-2025-06-02-at-10.37.22.jpeg 1200w\" sizes=\"(max-width: 768px) 100vw, 768px\" \/>\t\t\t\t\t\t\t\t\t\t\t\t\t\t\t<\/div>\n\t\t\t\t<\/div>\n\t\t\t\t<\/div>\n\t\t\t\t\t<\/div>\n\t\t\t\t<\/div>\n\t\t<div class=\"elementor-element elementor-element-9a96918 e-flex e-con-boxed e-con e-parent\" data-id=\"9a96918\" data-element_type=\"container\" data-e-type=\"container\">\n\t\t\t\t\t<div class=\"e-con-inner\">\n\t\t\t\t<div class=\"elementor-element elementor-element-8777bd7 elementor-widget elementor-widget-text-editor\" data-id=\"8777bd7\" data-element_type=\"widget\" data-e-type=\"widget\" data-widget_type=\"text-editor.default\">\n\t\t\t\t<div class=\"elementor-widget-container\">\n\t\t\t\t\t\t\t\t\t<p>Ob Sie eine neue Wasserpumpe, einen Wasserhahn, ein Sp\u00fclbecken, L\u00f6sungen zur Reparatur eines Lecks oder Teile f\u00fcr Ihre Markise ben\u00f6tigen, wir haben das Richtige f\u00fcr Sie. Unser Expertenteam steht Ihnen mit Rat und Tat zur Seite, liefert die ben\u00f6tigten Teile und baut sie professionell ein. So k\u00f6nnen Sie Ihre Abenteuer beruhigt weiter genie\u00dfen, da Sie wissen, dass Ihr Fahrzeug mit qualitativ hochwertigen Teilen ausgestattet ist, die fachm\u00e4nnisch eingebaut wurden. Erkunden Sie unsere Auswahl und nutzen Sie unseren umfassenden Service, um Ihr Freizeitfahrzeug zu pflegen und zu verbessern.<\/p>\t\t\t\t\t\t\t\t<\/div>\n\t\t\t\t<\/div>\n\t\t\t\t\t<\/div>\n\t\t\t\t<\/div>\n\t\t\t\t<\/div>","protected":false},"excerpt":{"rendered":"<p>Nos services de pose &#038; installation van, fourgon &#038; camping-car Syst\u00e8me d&rsquo;eau Electricit\u00e9 Frigos Chauffage Porte-v\u00e9lo Pompe 12V, immerg\u00e9, robinet, \u00e9vier&#8230; Sp\u00e9cialis\u00e9 dans le remplacement de pi\u00e8ces d\u00e9fectueuses pour votre camping-car, van ou fourgon am\u00e9nag\u00e9. Si votre pompe \u00e0 eau ne d\u00e9livre plus la pression n\u00e9cessaire, il est temps de la remplacer pour garantir un [&hellip;]<\/p>\n","protected":false},"author":2,"featured_media":0,"parent":680,"menu_order":0,"comment_status":"closed","ping_status":"closed","template":"","meta":{"footnotes":""},"class_list":["post-1156","page","type-page","status-publish","hentry"],"jetpack_sharing_enabled":true,"_links":{"self":[{"href":"https:\/\/campervanservice.fr\/de\/wp-json\/wp\/v2\/pages\/1156","targetHints":{"allow":["GET"]}}],"collection":[{"href":"https:\/\/campervanservice.fr\/de\/wp-json\/wp\/v2\/pages"}],"about":[{"href":"https:\/\/campervanservice.fr\/de\/wp-json\/wp\/v2\/types\/page"}],"author":[{"embeddable":true,"href":"https:\/\/campervanservice.fr\/de\/wp-json\/wp\/v2\/users\/2"}],"replies":[{"embeddable":true,"href":"https:\/\/campervanservice.fr\/de\/wp-json\/wp\/v2\/comments?post=1156"}],"version-history":[{"count":104,"href":"https:\/\/campervanservice.fr\/de\/wp-json\/wp\/v2\/pages\/1156\/revisions"}],"predecessor-version":[{"id":2488,"href":"https:\/\/campervanservice.fr\/de\/wp-json\/wp\/v2\/pages\/1156\/revisions\/2488"}],"up":[{"embeddable":true,"href":"https:\/\/campervanservice.fr\/de\/wp-json\/wp\/v2\/pages\/680"}],"wp:attachment":[{"href":"https:\/\/campervanservice.fr\/de\/wp-json\/wp\/v2\/media?parent=1156"}],"curies":[{"name":"wp","href":"https:\/\/api.w.org\/{rel}","templated":true}]}}